{"id":259,"date":"2025-03-07T17:27:10","date_gmt":"2025-03-07T16:27:10","guid":{"rendered":"https:\/\/noria-research.com\/africas\/?page_id=259"},"modified":"2026-02-08T16:07:27","modified_gmt":"2026-02-08T15:07:27","slug":"axe-3-conflictualites-et-violences","status":"publish","type":"page","link":"https:\/\/noria-research.com\/africas\/fr\/a-propos-du-programme-afriques\/axe-3-conflictualites-et-violences\/","title":{"rendered":"Axe 3 &#8211; Conflictualit\u00e9s et violence(s)"},"content":{"rendered":"\n<h2 class=\"wp-block-heading\">Pr\u00e9sentation<\/h2>\n\n\n\n<p>Les mots v\u00e9hiculent des repr\u00e9sentations et des imaginaires qui varient selon de nombreux param\u00e8tres. Le terme <em>violence<\/em> ne fait pas exception. Ses d\u00e9finitions, ses champs d&#8217;applications et ses usages diff\u00e8rent selon les contextes spatiaux et temporels. Chaque soci\u00e9t\u00e9, en fonction de son histoire, d\u00e9veloppe une perception sp\u00e9cifique de la violence et ajuste son seuil de tol\u00e9rance \u00e0 ce qu\u2019elle consid\u00e8re comme acceptable ou non. Toutefois, \u00ab si toute forme de violence est par essence \u201cabus\u201d, certaines font [&#8230;] l\u2019unanimit\u00e9 par leur caract\u00e8re extr\u00eame \u00bb (Pierre, 2016).<\/p>\n\n\n\n<p>Les pr\u00e9jug\u00e9s et l\u2019application de grilles d\u2019analyse occidentales sur la violence dans les Afriques engendrent des raccourcis et des \u00ab classifications h\u00e2tives \u00bb, qui d\u00e9peignent un continent marqu\u00e9 plus qu\u2019ailleurs par la violence, mais souvent r\u00e9duit \u00e0 celle-ci dans les discours occidentaux. Cette r\u00e9duction porte le risque de consid\u00e9rer la violence comme \u00ab traditionnelle \u00bb, \u00ab naturelle \u00bb, \u00ab consubstantielle \u00bb aux Afriques, voire \u00e0 la consid\u00e9rer, en Afrique, comme une fin en soi. Ces clich\u00e9s, h\u00e9rit\u00e9s de la colonisation, d\u00e9coulent pour partie des classifications coloniales et de l\u2019invention, entre autres,&nbsp; des \u00ab races guerri\u00e8res \u00bb.<\/p>\n\n\n\n<p>(Re)penser les concepts de violence et de conflictualit\u00e9s dans les Afriques et leur articulation, implique d\u2019interroger les m\u00e9canismes de mont\u00e9e et d\u2019entr\u00e9e en violence. Cela suppose \u00e9galement d\u2019examiner le r\u00f4le des m\u00e9dias, des images et des repr\u00e9sentations dans la construction des repr\u00e9sentations pour interroger le <em>&nbsp;\u00ab CNN effect<\/em>&nbsp;\u00bb, c\u2019est-\u00e0-dire \u00ab la m\u00e9diatisation outranci\u00e8re des violences qui va de pair avec un autre lieu commun, selon lequel les affrontements seraient plus meurtriers qu\u2019autrefois \u00bb.<\/p>\n\n\n\n<p>Par ailleurs, la confusion entre les types de violence complique la compr\u00e9hension. Bien que \u00ab la violence de guerre [soit] par d\u00e9finition, plurielle \u00bb (Audouin-Rouzeau, 2010), distinguer les diff\u00e9rentes formes de violence reste une n\u00e9cessit\u00e9 analytique. Pourtant, cette pluralit\u00e9 est telle que \u00ab la d\u00e9limitation de ce qui d\u00e9finit le fait guerrier para\u00eet de moins en moins assur\u00e9e \u00bb. Questionner la conflictualit\u00e9 et la violence implique donc d\u2019examiner, en lien avec cette articulation, les violences politiques, symboliques, \u00e9tatiques, etc., qui peuvent conduire \u00e0 l\u2019entr\u00e9e dans une violence de guerre.<\/p>\n\n\n\n<h2 class=\"wp-block-heading\">R\u00e9f\u00e9rences bibliographies<\/h2>\n\n\n\n<ul class=\"wp-block-list\">\n<li>Ahluwalia, P., Bethleham, L., &amp; Ginio, R. (2007),&nbsp; <em>Violence and Non-Violence in Africa<\/em>, Londres : Routledge.<\/li>\n\n\n\n<li>Apard, E. &amp; Maingraud-Martinaud, C. (2021). Etudier la violence en Afrique : apport des sources, enjeux de terrain et consid\u00e9rations \u00e9thiques. <em>Sources : Mat\u00e9riaux &amp; terrains en \u00e9tudes africaines<\/em>, n\u00b02, p. 3-22.<\/li>\n\n\n\n<li>Bangoura, D. (1992),<em> Les arm\u00e9es africaines (1960-1990)<\/em>, CHEAM.<\/li>\n\n\n\n<li>Cramer, C., Hammond, L., &amp; Pottier, J., (2011). <em>Researching Violence in Africa: Ethical and Methodological Challenges<\/em>. Leyde et Boston : Brill.<\/li>\n\n\n\n<li>Porter, P. (2009). <em>Military Orientalism. Eastern War Through Western Eyes<\/em>. Columbia : Columbia University Press.<\/li>\n\n\n\n<li>Semelin, J. (2009). <em>Purifier et D\u00e9truire. Usages politiques des massacres et g\u00e9nocides.<\/em> Paris : Le Seuil.<\/li>\n\n\n\n<li>Stapleton, T. (2018). <em>Africa: War and Conflict in the Twentieth Century<\/em>. Londres : Routledge.<\/li>\n\n\n\n<li>Williams, P.-D. (2016). <em>War and Conflict in Africa<\/em>. Polity.<\/li>\n<\/ul>\n\n\n\n<p><\/p>\n\n\n\n<h2 class=\"wp-block-heading\">S\u00e9ances du s\u00e9minaire<\/h2>\n\n\n\n<div class=\"wp-block-media-text is-stacked-on-mobile is-vertically-aligned-top\" style=\"grid-template-columns:35% auto\"><figure class=\"wp-block-media-text__media\"><img loading=\"lazy\" decoding=\"async\" width=\"1022\" height=\"397\" src=\"http:\/\/noria-research.com\/africas\/wp-content\/uploads\/2025\/02\/Seminaire-2.png\" alt=\"\" class=\"wp-image-32044 size-full\" srcset=\"https:\/\/noria-research.com\/africas\/wp-content\/uploads\/2025\/02\/Seminaire-2.png 1022w, https:\/\/noria-research.com\/africas\/wp-content\/uploads\/2025\/02\/Seminaire-2-1000x388.png 1000w, https:\/\/noria-research.com\/africas\/wp-content\/uploads\/2025\/02\/Seminaire-2-500x194.png 500w, https:\/\/noria-research.com\/africas\/wp-content\/uploads\/2025\/02\/Seminaire-2-768x298.png 768w\" sizes=\"auto, (max-width: 1022px) 100vw, 1022px\" \/><\/figure><div class=\"wp-block-media-text__content\">\n<p style=\"font-size:16px\"><a href=\"https:\/\/noria-research.com\/africas\/fr\/seminaire-seance-n2-l-noubou-noumowe\/\">S\u00e9ance 2<\/a> &#8211; L\u00e9onel Noubou Noumowe. <em>La d\u00e9colonisation prise de vue : gen\u00e8se, enjeux, usages et statut de la photographie dans la guerre de d\u00e9colonisation du Cameroun (1955-1971).<\/em> 22 novembre 2024.<\/p>\n<\/div><\/div>\n\n\n\n<p><\/p>\n\n\n\n<h2 class=\"wp-block-heading\">Publications du programme<\/h2>\n\n\n\n<div class=\"wp-block-columns is-style-with-borders is-layout-flex wp-container-core-columns-is-layout-9d6595d7 wp-block-columns-is-layout-flex\">\n<div class=\"wp-block-column is-layout-flow wp-block-column-is-layout-flow\" style=\"flex-basis:100%\">\n<figure class=\"wp-block-embed is-type-wp-embed is-provider-africas wp-block-embed-africas\"><div class=\"wp-block-embed__wrapper\">\n<blockquote class=\"wp-embedded-content\" data-secret=\"cYsXMq6Eql\"><a href=\"https:\/\/noria-research.com\/africas\/fr\/terres-sacrees-et-tensions-profanes-economie-religieuse-et-conflits-agropastoraux-dans-le-sud-tchadien\/\">Terres sacr\u00e9es et tensions profanes\u00a0: \u00e9conomie religieuse et conflits agropastoraux dans le Sud tchadien<\/a><\/blockquote><iframe loading=\"lazy\" class=\"wp-embedded-content\" sandbox=\"allow-scripts\" security=\"restricted\" style=\"position: absolute; visibility: hidden;\" title=\"&#8220;Terres sacr\u00e9es et tensions profanes\u00a0: \u00e9conomie religieuse et conflits agropastoraux dans le Sud tchadien&#8221; &#8212; Africas\" src=\"https:\/\/noria-research.com\/africas\/fr\/terres-sacrees-et-tensions-profanes-economie-religieuse-et-conflits-agropastoraux-dans-le-sud-tchadien\/embed\/#?secret=t9U50KKiqg#?secret=cYsXMq6Eql\" data-secret=\"cYsXMq6Eql\" width=\"500\" height=\"282\" frameborder=\"0\" marginwidth=\"0\" marginheight=\"0\" scrolling=\"no\"><\/iframe>\n<\/div><\/figure>\n<\/div>\n<\/div>\n\n\n\n<div class=\"wp-block-group is-layout-constrained wp-block-group-is-layout-constrained\">\n<div class=\"wp-block-columns is-layout-flex wp-container-core-columns-is-layout-9d6595d7 wp-block-columns-is-layout-flex\">\n<div class=\"wp-block-column is-layout-flow wp-block-column-is-layout-flow\" style=\"flex-basis:100%\">\n<div class=\"wp-block-columns is-layout-flex wp-container-core-columns-is-layout-9d6595d7 wp-block-columns-is-layout-flex\">\n<div class=\"wp-block-column is-layout-flow wp-block-column-is-layout-flow\" style=\"flex-basis:100%\">\n<div class=\"wp-block-group is-style-default is-nowrap is-layout-flex wp-container-core-group-is-layout-ad2f72ca wp-block-group-is-layout-flex\">\n<figure class=\"wp-block-embed is-type-wp-embed is-provider-africas wp-block-embed-africas\"><div class=\"wp-block-embed__wrapper\">\n<blockquote class=\"wp-embedded-content\" data-secret=\"o70hRofRHi\"><a href=\"https:\/\/noria-research.com\/africas\/fr\/ex-combattantes-ivoiriennes\/\">Quand les femmes s\u2019engagent dans la r\u00e9bellion : le cas des ex-combattantes ivoiriennes<\/a><\/blockquote><iframe loading=\"lazy\" class=\"wp-embedded-content\" sandbox=\"allow-scripts\" security=\"restricted\" style=\"position: absolute; visibility: hidden;\" title=\"&#8220;Quand les femmes s\u2019engagent dans la r\u00e9bellion : le cas des ex-combattantes ivoiriennes&#8221; &#8212; Africas\" src=\"https:\/\/noria-research.com\/africas\/fr\/ex-combattantes-ivoiriennes\/embed\/#?secret=4bVbxKpX6S#?secret=o70hRofRHi\" data-secret=\"o70hRofRHi\" width=\"500\" height=\"282\" frameborder=\"0\" marginwidth=\"0\" marginheight=\"0\" scrolling=\"no\"><\/iframe>\n<\/div><\/figure>\n\n\n\n<figure class=\"wp-block-embed is-type-wp-embed is-provider-africas wp-block-embed-africas\"><div class=\"wp-block-embed__wrapper\">\n<blockquote class=\"wp-embedded-content\" data-secret=\"l6rYPUgKCj\"><a href=\"https:\/\/noria-research.com\/africas\/fr\/mouvement-dautodefense-au-burkina-faso-diffusion-et-structuration-des-groupes-koglweogo\/\">Mouvement d\u2019autod\u00e9fense au Burkina Faso\u00a0: Diffusion et structuration des groupes Koglweogo<\/a><\/blockquote><iframe loading=\"lazy\" class=\"wp-embedded-content\" sandbox=\"allow-scripts\" security=\"restricted\" style=\"position: absolute; visibility: hidden;\" title=\"&#8220;Mouvement d\u2019autod\u00e9fense au Burkina Faso\u00a0: Diffusion et structuration des groupes Koglweogo&#8221; &#8212; Africas\" src=\"https:\/\/noria-research.com\/africas\/fr\/mouvement-dautodefense-au-burkina-faso-diffusion-et-structuration-des-groupes-koglweogo\/embed\/#?secret=zvf9kxX9lG#?secret=l6rYPUgKCj\" data-secret=\"l6rYPUgKCj\" width=\"500\" height=\"282\" frameborder=\"0\" marginwidth=\"0\" marginheight=\"0\" scrolling=\"no\"><\/iframe>\n<\/div><\/figure>\n\n\n\n<figure class=\"wp-block-embed is-type-wp-embed is-provider-africas wp-block-embed-africas\"><div class=\"wp-block-embed__wrapper\">\n<blockquote class=\"wp-embedded-content\" data-secret=\"Or9pV6Coq6\"><a href=\"https:\/\/noria-research.com\/africas\/fr\/les-racines-locales-de-la-violence-burkina-faso\/\">Les racines locales de la violence dans l\u2019Est du Burkina Faso: La concurrence pour les ressources, l\u2019\u00c9tat et les armes<\/a><\/blockquote><iframe loading=\"lazy\" class=\"wp-embedded-content\" sandbox=\"allow-scripts\" security=\"restricted\" style=\"position: absolute; visibility: hidden;\" title=\"&#8220;Les racines locales de la violence dans l\u2019Est du Burkina Faso: La concurrence pour les ressources, l\u2019\u00c9tat et les armes&#8221; &#8212; Africas\" src=\"https:\/\/noria-research.com\/africas\/fr\/les-racines-locales-de-la-violence-burkina-faso\/embed\/#?secret=1pR9XwxtP8#?secret=Or9pV6Coq6\" data-secret=\"Or9pV6Coq6\" width=\"500\" height=\"282\" frameborder=\"0\" marginwidth=\"0\" marginheight=\"0\" scrolling=\"no\"><\/iframe>\n<\/div><\/figure>\n\n\n\n<figure class=\"wp-block-embed is-type-wp-embed is-provider-africas wp-block-embed-africas\"><div class=\"wp-block-embed__wrapper\">\n<blockquote class=\"wp-embedded-content\" data-secret=\"qsrC5hGMFt\"><a href=\"https:\/\/noria-research.com\/africas\/fr\/ghana-une-action-syndicale-militarisee\/\">Ghana, une action syndicale militaris\u00e9e : Les Union Guards (1982-2001)<\/a><\/blockquote><iframe loading=\"lazy\" class=\"wp-embedded-content\" sandbox=\"allow-scripts\" security=\"restricted\" style=\"position: absolute; visibility: hidden;\" title=\"&#8220;Ghana, une action syndicale militaris\u00e9e : Les Union Guards (1982-2001)&#8221; &#8212; Africas\" src=\"https:\/\/noria-research.com\/africas\/fr\/ghana-une-action-syndicale-militarisee\/embed\/#?secret=uiVhd3PNhx#?secret=qsrC5hGMFt\" data-secret=\"qsrC5hGMFt\" width=\"500\" height=\"282\" frameborder=\"0\" marginwidth=\"0\" marginheight=\"0\" scrolling=\"no\"><\/iframe>\n<\/div><\/figure>\n<\/div>\n<\/div>\n<\/div>\n<\/div>\n<\/div>\n<\/div>\n","protected":false},"excerpt":{"rendered":"<p>Pr\u00e9sentation Les mots v\u00e9hiculent des repr\u00e9sentations et des imaginaires qui varient selon de nombreux param\u00e8tres. Le terme violence ne fait pas exception. Ses d\u00e9finitions, ses champs d&#8217;applications et ses usages diff\u00e8rent selon les contextes spatiaux et temporels. Chaque soci\u00e9t\u00e9, en fonction de son histoire, d\u00e9veloppe une perception sp\u00e9cifique de la violence et ajuste son seuil [&hellip;]<\/p>\n","protected":false},"author":453,"featured_media":0,"parent":23,"menu_order":0,"comment_status":"closed","ping_status":"closed","template":"","meta":{"footnotes":""},"podcast":[],"project":[],"class_list":["post-259","page","type-page","status-publish","hentry"],"yoast_head":"<!-- This site is optimized with the Yoast SEO plugin v26.0 - https:\/\/yoast.com\/wordpress\/plugins\/seo\/ -->\n<title>Axe 3 - Conflictualit\u00e9s et violence(s) - Africas<\/title>\n<meta name=\"robots\" content=\"index, follow, max-snippet:-1, max-image-preview:large, max-video-preview:-1\" \/>\n<link rel=\"canonical\" href=\"https:\/\/noria-research.com\/africas\/fr\/a-propos-du-programme-afriques\/axe-3-conflictualites-et-violences\/\" \/>\n<meta property=\"og:locale\" content=\"en_US\" \/>\n<meta property=\"og:type\" content=\"article\" \/>\n<meta property=\"og:title\" content=\"Axe 3 - Conflictualit\u00e9s et violence(s) - Africas\" \/>\n<meta property=\"og:description\" content=\"Pr\u00e9sentation Les mots v\u00e9hiculent des repr\u00e9sentations et des imaginaires qui varient selon de nombreux param\u00e8tres. Le terme violence ne fait pas exception. Ses d\u00e9finitions, ses champs d&#8217;applications et ses usages diff\u00e8rent selon les contextes spatiaux et temporels. Chaque soci\u00e9t\u00e9, en fonction de son histoire, d\u00e9veloppe une perception sp\u00e9cifique de la violence et ajuste son seuil [&hellip;]\" \/>\n<meta property=\"og:url\" content=\"https:\/\/noria-research.com\/africas\/fr\/a-propos-du-programme-afriques\/axe-3-conflictualites-et-violences\/\" \/>\n<meta property=\"og:site_name\" content=\"Africas\" \/>\n<meta property=\"article:modified_time\" content=\"2026-02-08T15:07:27+00:00\" \/>\n<meta name=\"twitter:card\" content=\"summary_large_image\" \/>\n<meta name=\"twitter:label1\" content=\"Est. reading time\" \/>\n\t<meta name=\"twitter:data1\" content=\"3 minutes\" \/>\n<script type=\"application\/ld+json\" class=\"yoast-schema-graph\">{\"@context\":\"https:\/\/schema.org\",\"@graph\":[{\"@type\":\"WebPage\",\"@id\":\"https:\/\/noria-research.com\/africas\/fr\/a-propos-du-programme-afriques\/axe-3-conflictualites-et-violences\/\",\"url\":\"https:\/\/noria-research.com\/africas\/fr\/a-propos-du-programme-afriques\/axe-3-conflictualites-et-violences\/\",\"name\":\"Axe 3 - Conflictualit\u00e9s et violence(s) - Africas\",\"isPartOf\":{\"@id\":\"https:\/\/noria-research.com\/africas\/#website\"},\"primaryImageOfPage\":{\"@id\":\"https:\/\/noria-research.com\/africas\/fr\/a-propos-du-programme-afriques\/axe-3-conflictualites-et-violences\/#primaryimage\"},\"image\":{\"@id\":\"https:\/\/noria-research.com\/africas\/fr\/a-propos-du-programme-afriques\/axe-3-conflictualites-et-violences\/#primaryimage\"},\"thumbnailUrl\":\"http:\/\/noria-research.com\/africas\/wp-content\/uploads\/2025\/02\/Seminaire-2.png\",\"datePublished\":\"2025-03-07T16:27:10+00:00\",\"dateModified\":\"2026-02-08T15:07:27+00:00\",\"breadcrumb\":{\"@id\":\"https:\/\/noria-research.com\/africas\/fr\/a-propos-du-programme-afriques\/axe-3-conflictualites-et-violences\/#breadcrumb\"},\"inLanguage\":\"en-US\",\"potentialAction\":[{\"@type\":\"ReadAction\",\"target\":[\"https:\/\/noria-research.com\/africas\/fr\/a-propos-du-programme-afriques\/axe-3-conflictualites-et-violences\/\"]}]},{\"@type\":\"ImageObject\",\"inLanguage\":\"en-US\",\"@id\":\"https:\/\/noria-research.com\/africas\/fr\/a-propos-du-programme-afriques\/axe-3-conflictualites-et-violences\/#primaryimage\",\"url\":\"http:\/\/noria-research.com\/africas\/wp-content\/uploads\/2025\/02\/Seminaire-2.png\",\"contentUrl\":\"http:\/\/noria-research.com\/africas\/wp-content\/uploads\/2025\/02\/Seminaire-2.png\"},{\"@type\":\"BreadcrumbList\",\"@id\":\"https:\/\/noria-research.com\/africas\/fr\/a-propos-du-programme-afriques\/axe-3-conflictualites-et-violences\/#breadcrumb\",\"itemListElement\":[{\"@type\":\"ListItem\",\"position\":1,\"name\":\"Afriques\",\"item\":\"https:\/\/noria-research.com\/africas\/\"},{\"@type\":\"ListItem\",\"position\":2,\"name\":\"\u00c0 propos du programme Afriques\",\"item\":\"https:\/\/noria-research.com\/africas\/fr\/a-propos-du-programme-afriques\/\"},{\"@type\":\"ListItem\",\"position\":3,\"name\":\"Axe 3 &#8211; Conflictualit\u00e9s et violence(s)\"}]},{\"@type\":\"WebSite\",\"@id\":\"https:\/\/noria-research.com\/africas\/#website\",\"url\":\"https:\/\/noria-research.com\/africas\/\",\"name\":\"Africas\",\"description\":\"\",\"publisher\":{\"@id\":\"https:\/\/noria-research.com\/africas\/#organization\"},\"potentialAction\":[{\"@type\":\"SearchAction\",\"target\":{\"@type\":\"EntryPoint\",\"urlTemplate\":\"https:\/\/noria-research.com\/africas\/?s={search_term_string}\"},\"query-input\":{\"@type\":\"PropertyValueSpecification\",\"valueRequired\":true,\"valueName\":\"search_term_string\"}}],\"inLanguage\":\"en-US\"},{\"@type\":\"Organization\",\"@id\":\"https:\/\/noria-research.com\/africas\/#organization\",\"name\":\"Africas\",\"url\":\"https:\/\/noria-research.com\/africas\/\",\"logo\":{\"@type\":\"ImageObject\",\"inLanguage\":\"en-US\",\"@id\":\"https:\/\/noria-research.com\/africas\/#\/schema\/logo\/image\/\",\"url\":\"https:\/\/noria-research.com\/africas\/wp-content\/uploads\/2024\/06\/Logo-Noria-Africas-Blanc.svg\",\"contentUrl\":\"https:\/\/noria-research.com\/africas\/wp-content\/uploads\/2024\/06\/Logo-Noria-Africas-Blanc.svg\",\"caption\":\"Africas\"},\"image\":{\"@id\":\"https:\/\/noria-research.com\/africas\/#\/schema\/logo\/image\/\"}}]}<\/script>\n<!-- \/ Yoast SEO plugin. -->","yoast_head_json":{"title":"Axe 3 - Conflictualit\u00e9s et violence(s) - Africas","robots":{"index":"index","follow":"follow","max-snippet":"max-snippet:-1","max-image-preview":"max-image-preview:large","max-video-preview":"max-video-preview:-1"},"canonical":"https:\/\/noria-research.com\/africas\/fr\/a-propos-du-programme-afriques\/axe-3-conflictualites-et-violences\/","og_locale":"en_US","og_type":"article","og_title":"Axe 3 - Conflictualit\u00e9s et violence(s) - Africas","og_description":"Pr\u00e9sentation Les mots v\u00e9hiculent des repr\u00e9sentations et des imaginaires qui varient selon de nombreux param\u00e8tres. Le terme violence ne fait pas exception. Ses d\u00e9finitions, ses champs d&#8217;applications et ses usages diff\u00e8rent selon les contextes spatiaux et temporels. Chaque soci\u00e9t\u00e9, en fonction de son histoire, d\u00e9veloppe une perception sp\u00e9cifique de la violence et ajuste son seuil [&hellip;]","og_url":"https:\/\/noria-research.com\/africas\/fr\/a-propos-du-programme-afriques\/axe-3-conflictualites-et-violences\/","og_site_name":"Africas","article_modified_time":"2026-02-08T15:07:27+00:00","twitter_card":"summary_large_image","twitter_misc":{"Est. reading time":"3 minutes"},"schema":{"@context":"https:\/\/schema.org","@graph":[{"@type":"WebPage","@id":"https:\/\/noria-research.com\/africas\/fr\/a-propos-du-programme-afriques\/axe-3-conflictualites-et-violences\/","url":"https:\/\/noria-research.com\/africas\/fr\/a-propos-du-programme-afriques\/axe-3-conflictualites-et-violences\/","name":"Axe 3 - Conflictualit\u00e9s et violence(s) - Africas","isPartOf":{"@id":"https:\/\/noria-research.com\/africas\/#website"},"primaryImageOfPage":{"@id":"https:\/\/noria-research.com\/africas\/fr\/a-propos-du-programme-afriques\/axe-3-conflictualites-et-violences\/#primaryimage"},"image":{"@id":"https:\/\/noria-research.com\/africas\/fr\/a-propos-du-programme-afriques\/axe-3-conflictualites-et-violences\/#primaryimage"},"thumbnailUrl":"http:\/\/noria-research.com\/africas\/wp-content\/uploads\/2025\/02\/Seminaire-2.png","datePublished":"2025-03-07T16:27:10+00:00","dateModified":"2026-02-08T15:07:27+00:00","breadcrumb":{"@id":"https:\/\/noria-research.com\/africas\/fr\/a-propos-du-programme-afriques\/axe-3-conflictualites-et-violences\/#breadcrumb"},"inLanguage":"en-US","potentialAction":[{"@type":"ReadAction","target":["https:\/\/noria-research.com\/africas\/fr\/a-propos-du-programme-afriques\/axe-3-conflictualites-et-violences\/"]}]},{"@type":"ImageObject","inLanguage":"en-US","@id":"https:\/\/noria-research.com\/africas\/fr\/a-propos-du-programme-afriques\/axe-3-conflictualites-et-violences\/#primaryimage","url":"http:\/\/noria-research.com\/africas\/wp-content\/uploads\/2025\/02\/Seminaire-2.png","contentUrl":"http:\/\/noria-research.com\/africas\/wp-content\/uploads\/2025\/02\/Seminaire-2.png"},{"@type":"BreadcrumbList","@id":"https:\/\/noria-research.com\/africas\/fr\/a-propos-du-programme-afriques\/axe-3-conflictualites-et-violences\/#breadcrumb","itemListElement":[{"@type":"ListItem","position":1,"name":"Afriques","item":"https:\/\/noria-research.com\/africas\/"},{"@type":"ListItem","position":2,"name":"\u00c0 propos du programme Afriques","item":"https:\/\/noria-research.com\/africas\/fr\/a-propos-du-programme-afriques\/"},{"@type":"ListItem","position":3,"name":"Axe 3 &#8211; Conflictualit\u00e9s et violence(s)"}]},{"@type":"WebSite","@id":"https:\/\/noria-research.com\/africas\/#website","url":"https:\/\/noria-research.com\/africas\/","name":"Africas","description":"","publisher":{"@id":"https:\/\/noria-research.com\/africas\/#organization"},"potentialAction":[{"@type":"SearchAction","target":{"@type":"EntryPoint","urlTemplate":"https:\/\/noria-research.com\/africas\/?s={search_term_string}"},"query-input":{"@type":"PropertyValueSpecification","valueRequired":true,"valueName":"search_term_string"}}],"inLanguage":"en-US"},{"@type":"Organization","@id":"https:\/\/noria-research.com\/africas\/#organization","name":"Africas","url":"https:\/\/noria-research.com\/africas\/","logo":{"@type":"ImageObject","inLanguage":"en-US","@id":"https:\/\/noria-research.com\/africas\/#\/schema\/logo\/image\/","url":"https:\/\/noria-research.com\/africas\/wp-content\/uploads\/2024\/06\/Logo-Noria-Africas-Blanc.svg","contentUrl":"https:\/\/noria-research.com\/africas\/wp-content\/uploads\/2024\/06\/Logo-Noria-Africas-Blanc.svg","caption":"Africas"},"image":{"@id":"https:\/\/noria-research.com\/africas\/#\/schema\/logo\/image\/"}}]}},"_links":{"self":[{"href":"https:\/\/noria-research.com\/africas\/wp-json\/wp\/v2\/pages\/259","targetHints":{"allow":["GET"]}}],"collection":[{"href":"https:\/\/noria-research.com\/africas\/wp-json\/wp\/v2\/pages"}],"about":[{"href":"https:\/\/noria-research.com\/africas\/wp-json\/wp\/v2\/types\/page"}],"author":[{"embeddable":true,"href":"https:\/\/noria-research.com\/africas\/wp-json\/wp\/v2\/users\/453"}],"replies":[{"embeddable":true,"href":"https:\/\/noria-research.com\/africas\/wp-json\/wp\/v2\/comments?post=259"}],"version-history":[{"count":10,"href":"https:\/\/noria-research.com\/africas\/wp-json\/wp\/v2\/pages\/259\/revisions"}],"predecessor-version":[{"id":560,"href":"https:\/\/noria-research.com\/africas\/wp-json\/wp\/v2\/pages\/259\/revisions\/560"}],"up":[{"embeddable":true,"href":"https:\/\/noria-research.com\/africas\/wp-json\/wp\/v2\/pages\/23"}],"wp:attachment":[{"href":"https:\/\/noria-research.com\/africas\/wp-json\/wp\/v2\/media?parent=259"}],"wp:term":[{"taxonomy":"podcast","embeddable":true,"href":"https:\/\/noria-research.com\/africas\/wp-json\/wp\/v2\/podcast?post=259"},{"taxonomy":"project","embeddable":true,"href":"https:\/\/noria-research.com\/africas\/wp-json\/wp\/v2\/project?post=259"}],"curies":[{"name":"wp","href":"https:\/\/api.w.org\/{rel}","templated":true}]}}