{"id":255,"date":"2025-03-08T12:05:45","date_gmt":"2025-03-08T11:05:45","guid":{"rendered":"https:\/\/noria-research.com\/africas\/?page_id=255"},"modified":"2025-03-08T16:38:23","modified_gmt":"2025-03-08T15:38:23","slug":"axe-1-legs-coloniaux-et-perspectives-decoloniales","status":"publish","type":"page","link":"https:\/\/noria-research.com\/africas\/fr\/a-propos-du-programme-afriques\/axe-1-legs-coloniaux-et-perspectives-decoloniales\/","title":{"rendered":"Axe 1 &#8211; Legs coloniaux et perspectives d\u00e9coloniales"},"content":{"rendered":"\n<h2 class=\"wp-block-heading\">Pr\u00e9sentation<\/h2>\n\n\n\n<p>Cet axe explore, d&#8217;un point de vue m\u00e9thodologique tout d&#8217;abord, les modes de production de la recherche, c\u2019est-\u00e0-dire de la connaissance et du savoir, en abordant la question des \u00e9tudes d\u00e9coloniales. Ces derni\u00e8res, apparues dans le champ de la recherche latino-am\u00e9ricaine, b\u00e9n\u00e9ficient d&#8217;une reconnaissance r\u00e9cente en langue fran\u00e7aise. L\u2019entr\u00e9e du terme \u00ab d\u00e9colonial \u00bb dans le Larousse les d\u00e9finit comme \u00ab un courant de pens\u00e9e qui postule que des rapports de domination subsistent entre l\u2019Occident et ses anciennes colonies, des d\u00e9cennies apr\u00e8s leur ind\u00e9pendance \u00bb (Dufoix, 2023).<\/p>\n\n\n\n<p>Ces perspectives rel\u00e8vent \u00e0 la fois d\u2019un champ de recherche et d\u2019une m\u00e9thode. Parfois confondues en France avec le concept militant de d\u00e9colonialisme (terme notamment utilis\u00e9 par ceux et celles qui critiquent ce type d\u2019\u00e9tudes), les \u00e9tudes d\u00e9coloniales souffrent d\u2019une r\u00e9ception mitig\u00e9e. Souvent critiqu\u00e9es, elles le sont toutefois diff\u00e9remment selon les contextes. En effet, &#8220;si en France les \u00e9tudes d\u00e9coloniales sont d\u00e9nonc\u00e9es sur leur droite \u00e0 partir d&#8217;une matrice conservatrice nord-am\u00e9ricaine, en Am\u00e9rique latine elles sont critiqu\u00e9es sur leur gauche parce qu&#8217;elle ne sont pas assez engag\u00e9es sur le terrain des luttes sociales, indig\u00e8nes, f\u00e9ministes et \u00e9cologistes&#8221; (Boidin, 2022). Certains chercheurs estiment que les \u00e9tudes d\u00e9coloniales souffriraient d&#8217;une forme d'&#8221;inflation th\u00e9orique&#8221; (Orellana, dans Makaran, Gaussens, 2020). Ainsi, le passage de la th\u00e9orisation \u00e0 l&#8217;application au &#8220;terrain&#8221; n&#8217;aurait pas \u00e9t\u00e9 chose ais\u00e9e.<\/p>\n\n\n\n<p>L&#8217;application aux Afriques des th\u00e9ories d\u00e9coloniales qui ont \u00e9merg\u00e9es en Am\u00e9rique latine n&#8217;est pas exempte de critiques, mais reste encore r\u00e9cente. Les d\u00e9colonisations politiques de du continent africain \u00e9tant plus r\u00e9cente que sur le continent sud-am\u00e9ricain, le recul sur l&#8217;\u00e9tude de l&#8217;empreinte colonial se d\u00e9veloppe progressivement. L\u2019Afrique subsaharienne serait marqu\u00e9e par de lourds \u00ab h\u00e9ritages \u00bb. La traite et la colonisation auraient influenc\u00e9 la construction et la formation des \u00c9tats ind\u00e9pendants, tandis que le poids des traditions aurait orient\u00e9 les trajectoires des soci\u00e9t\u00e9s africaines postcoloniales. Si le concept de tradition a d\u00e9j\u00e0 \u00e9t\u00e9 remis en question (Hobsbawm, Ranger, 1992), celui de legs colonial demeure encore peu conceptualis\u00e9, \u00e0 l\u2019exception de travaux tels que ceux du politiste Jean-Fran\u00e7ois Bayart ou de l\u2019historien Romain Bertrand en France. L\u2019application aux Afriques des th\u00e9ories d\u00e9coloniales \u00e9mergentes en Am\u00e9rique latine permet d\u2019alimenter en partie ces r\u00e9flexions, notamment en interrogeant la production des connaissances et la critique d\u00e9coloniale.<\/p>\n\n\n\n<p>Cet axe de recherche propose donc de repenser ces diff\u00e9rentes perspectives en jouant sur les jeux d\u2019\u00e9chelles entre les concepts : d&#8217;une part, en portant une attention particuli\u00e8re sur la production du savoir par les chercheur.es attach\u00e9.es au programme et \u00e0 leur questionnement m\u00e9thodologiques ; d&#8217;autre part, en consid\u00e9rant la question d\u00e9coloniale comme un champ de recherche \u00e0 travers l&#8217;\u00e9tude concr\u00e8te des processus de legs et de permanence des h\u00e9ritages coloniaux. Ainsi, si \u00e9tudier le legs colonial permet d\u2019analyser les processus de transmission de l\u2019h\u00e9ritage colonial, l\u2019examiner dans une perspective d\u00e9coloniale ne revient-il pas \u00e0 consid\u00e9rer que ce legs est toujours d\u2019actualit\u00e9, plusieurs d\u00e9cennies apr\u00e8s les ind\u00e9pendances ? Quels sont alors les processus de transmission du legs colonial encore \u00e0 l&#8217;\u0153uvre aujourd\u2019hui dans les soci\u00e9t\u00e9s africaines ?<\/p>\n\n\n\n<h2 class=\"wp-block-heading\">R\u00e9f\u00e9rences bibliographiques<\/h2>\n\n\n\n<ul class=\"wp-block-list\">\n<li>Bayart, J.-F., &amp; Bertrand, R. (2006). De quel \u201clegs colonial\u201d parle-t-on ? <em>Esprit<\/em>, p. 134-160.<\/li>\n\n\n\n<li>Cahen, M. (2024). <em>Colonialit\u00e9. Plaidoyer pour la pr\u00e9cision d\u2019un concept.<\/em> Paris : Karthala.<\/li>\n\n\n\n<li>Colin, P., Quiroz, L. (2023). <em>Pens\u00e9es d\u00e9coloniales : une introduction aux th\u00e9ories critiques d\u2019Am\u00e9rique latine<\/em>. Paris : Zones.<\/li>\n\n\n\n<li>Dufoix, S. (2023). <em>D\u00e9colonial<\/em>. Paris : Anamosa.<\/li>\n\n\n\n<li>Hobsbawn, E., &amp; Ranger, T. (1992). <em>The Invention of Tradition.<\/em> Cambridge : Cambridge University Press.<\/li>\n\n\n\n<li>M\u2019bonda, E.-M. (2021), <em>Une d\u00e9colonisation de la pens\u00e9e : \u00e9tudes de philosophie afrocentrique<\/em>. Paris : Sorbonne Universit\u00e9 Presses.<\/li>\n\n\n\n<li>Ndlovu-Gatsheni, S. J. (2021). Le long tournant d\u00e9colonial dans les \u00e9tudes africaines. D\u00e9fis de la r\u00e9\u00e9criture de l\u2019Afrique. <em>Politique africaine<\/em>, 161-162, p. 449\u2011472. [traduit de l\u2019anglais]<\/li>\n<\/ul>\n\n\n\n<h2 class=\"wp-block-heading\">S\u00e9ances du s\u00e9minaire en lien<\/h2>\n\n\n\n<div class=\"wp-block-media-text is-stacked-on-mobile is-vertically-aligned-top\" style=\"grid-template-columns:35% auto\"><figure class=\"wp-block-media-text__media\"><img loading=\"lazy\" decoding=\"async\" width=\"1022\" height=\"397\" src=\"http:\/\/noria-research.com\/africas\/wp-content\/uploads\/2025\/02\/Seminaire-2.png\" alt=\"\" class=\"wp-image-32044 size-full\" srcset=\"https:\/\/noria-research.com\/africas\/wp-content\/uploads\/2025\/02\/Seminaire-2.png 1022w, https:\/\/noria-research.com\/africas\/wp-content\/uploads\/2025\/02\/Seminaire-2-1000x388.png 1000w, https:\/\/noria-research.com\/africas\/wp-content\/uploads\/2025\/02\/Seminaire-2-500x194.png 500w, https:\/\/noria-research.com\/africas\/wp-content\/uploads\/2025\/02\/Seminaire-2-768x298.png 768w\" sizes=\"auto, (max-width: 1022px) 100vw, 1022px\" \/><\/figure><div class=\"wp-block-media-text__content\">\n<ul class=\"wp-block-list\" style=\"font-size:15px\">\n<li style=\"font-size:16px;letter-spacing:0px\"><a href=\"https:\/\/noria-research.com\/africas\/fr\/seminaire-seance-n1-b-molo\/\">S\u00e9ance 1<\/a> &#8211; <a href=\"https:\/\/noria-research.com\/fr\/auteur\/bmollo\/\">Brice Molo<\/a>, <em>Catastrophes, utilit\u00e9 publique et ren\u00e9gociation de l&#8217;Etat au Cameroun. Histoire d&#8217;une socialisation \u00e9v\u00e9nementielle.<\/em> 6 novembre 2024.<\/li>\n\n\n\n<li style=\"font-size:16px;letter-spacing:0px\"><a href=\"https:\/\/noria-research.com\/africas\/fr\/seminaire-seance-n6-r-tiquet\/\">S\u00e9ance 6<\/a> &#8211; Romain Tiquet, <em>Koutal Keur Malick Ndiaye : entre enfermement, contr\u00f4le \u00e9conomique et rel\u00e9gation des corps (post)coloniaux (S\u00e9n\u00e9gal ann\u00e9es 1930-1970).<\/em> 23 janvier 2025.<\/li>\n\n\n\n<li style=\"font-size:16px;letter-spacing:0px\"><a href=\"https:\/\/noria-research.com\/africas\/fr\/seminaire-seance-n8-l-klein\/\">S\u00e9ance 8<\/a> &#8211; Louise Klein, <em>R\u00e9formes du droit et politiques juridictionnelles au Somaliland colonial et postcolonial (1884-2021)<\/em>. 19 f\u00e9vrier 2025.<\/li>\n<\/ul>\n<\/div><\/div>\n\n\n\n<p><\/p>\n","protected":false},"excerpt":{"rendered":"<p>Pr\u00e9sentation Cet axe explore, d&#8217;un point de vue m\u00e9thodologique tout d&#8217;abord, les modes de production de la recherche, c\u2019est-\u00e0-dire de la connaissance et du savoir, en abordant la question des \u00e9tudes d\u00e9coloniales. Ces derni\u00e8res, apparues dans le champ de la recherche latino-am\u00e9ricaine, b\u00e9n\u00e9ficient d&#8217;une reconnaissance r\u00e9cente en langue fran\u00e7aise. L\u2019entr\u00e9e du terme \u00ab d\u00e9colonial \u00bb [&hellip;]<\/p>\n","protected":false},"author":453,"featured_media":0,"parent":23,"menu_order":0,"comment_status":"closed","ping_status":"closed","template":"","meta":{"footnotes":""},"podcast":[],"project":[],"class_list":["post-255","page","type-page","status-publish","hentry"],"yoast_head":"<!-- This site is optimized with the Yoast SEO plugin v26.0 - https:\/\/yoast.com\/wordpress\/plugins\/seo\/ -->\n<title>Axe 1 - Legs coloniaux et perspectives d\u00e9coloniales - Africas<\/title>\n<meta name=\"robots\" content=\"index, follow, max-snippet:-1, max-image-preview:large, max-video-preview:-1\" \/>\n<link rel=\"canonical\" href=\"https:\/\/noria-research.com\/africas\/fr\/a-propos-du-programme-afriques\/axe-1-legs-coloniaux-et-perspectives-decoloniales\/\" \/>\n<meta property=\"og:locale\" content=\"en_US\" \/>\n<meta property=\"og:type\" content=\"article\" \/>\n<meta property=\"og:title\" content=\"Axe 1 - Legs coloniaux et perspectives d\u00e9coloniales - Africas\" \/>\n<meta property=\"og:description\" content=\"Pr\u00e9sentation Cet axe explore, d&#8217;un point de vue m\u00e9thodologique tout d&#8217;abord, les modes de production de la recherche, c\u2019est-\u00e0-dire de la connaissance et du savoir, en abordant la question des \u00e9tudes d\u00e9coloniales. Ces derni\u00e8res, apparues dans le champ de la recherche latino-am\u00e9ricaine, b\u00e9n\u00e9ficient d&#8217;une reconnaissance r\u00e9cente en langue fran\u00e7aise. L\u2019entr\u00e9e du terme \u00ab d\u00e9colonial \u00bb [&hellip;]\" \/>\n<meta property=\"og:url\" content=\"https:\/\/noria-research.com\/africas\/fr\/a-propos-du-programme-afriques\/axe-1-legs-coloniaux-et-perspectives-decoloniales\/\" \/>\n<meta property=\"og:site_name\" content=\"Africas\" \/>\n<meta property=\"article:modified_time\" content=\"2025-03-08T15:38:23+00:00\" \/>\n<meta property=\"og:image\" content=\"http:\/\/noria-research.com\/africas\/wp-content\/uploads\/2025\/02\/Seminaire-2.png\" \/>\n<meta name=\"twitter:card\" content=\"summary_large_image\" \/>\n<meta name=\"twitter:label1\" content=\"Est. reading time\" \/>\n\t<meta name=\"twitter:data1\" content=\"4 minutes\" \/>\n<script type=\"application\/ld+json\" class=\"yoast-schema-graph\">{\"@context\":\"https:\/\/schema.org\",\"@graph\":[{\"@type\":\"WebPage\",\"@id\":\"https:\/\/noria-research.com\/africas\/fr\/a-propos-du-programme-afriques\/axe-1-legs-coloniaux-et-perspectives-decoloniales\/\",\"url\":\"https:\/\/noria-research.com\/africas\/fr\/a-propos-du-programme-afriques\/axe-1-legs-coloniaux-et-perspectives-decoloniales\/\",\"name\":\"Axe 1 - Legs coloniaux et perspectives d\u00e9coloniales - Africas\",\"isPartOf\":{\"@id\":\"https:\/\/noria-research.com\/africas\/#website\"},\"primaryImageOfPage\":{\"@id\":\"https:\/\/noria-research.com\/africas\/fr\/a-propos-du-programme-afriques\/axe-1-legs-coloniaux-et-perspectives-decoloniales\/#primaryimage\"},\"image\":{\"@id\":\"https:\/\/noria-research.com\/africas\/fr\/a-propos-du-programme-afriques\/axe-1-legs-coloniaux-et-perspectives-decoloniales\/#primaryimage\"},\"thumbnailUrl\":\"http:\/\/noria-research.com\/africas\/wp-content\/uploads\/2025\/02\/Seminaire-2.png\",\"datePublished\":\"2025-03-08T11:05:45+00:00\",\"dateModified\":\"2025-03-08T15:38:23+00:00\",\"breadcrumb\":{\"@id\":\"https:\/\/noria-research.com\/africas\/fr\/a-propos-du-programme-afriques\/axe-1-legs-coloniaux-et-perspectives-decoloniales\/#breadcrumb\"},\"inLanguage\":\"en-US\",\"potentialAction\":[{\"@type\":\"ReadAction\",\"target\":[\"https:\/\/noria-research.com\/africas\/fr\/a-propos-du-programme-afriques\/axe-1-legs-coloniaux-et-perspectives-decoloniales\/\"]}]},{\"@type\":\"ImageObject\",\"inLanguage\":\"en-US\",\"@id\":\"https:\/\/noria-research.com\/africas\/fr\/a-propos-du-programme-afriques\/axe-1-legs-coloniaux-et-perspectives-decoloniales\/#primaryimage\",\"url\":\"http:\/\/noria-research.com\/africas\/wp-content\/uploads\/2025\/02\/Seminaire-2.png\",\"contentUrl\":\"http:\/\/noria-research.com\/africas\/wp-content\/uploads\/2025\/02\/Seminaire-2.png\"},{\"@type\":\"BreadcrumbList\",\"@id\":\"https:\/\/noria-research.com\/africas\/fr\/a-propos-du-programme-afriques\/axe-1-legs-coloniaux-et-perspectives-decoloniales\/#breadcrumb\",\"itemListElement\":[{\"@type\":\"ListItem\",\"position\":1,\"name\":\"Afriques\",\"item\":\"https:\/\/noria-research.com\/africas\/\"},{\"@type\":\"ListItem\",\"position\":2,\"name\":\"\u00c0 propos du programme Afriques\",\"item\":\"https:\/\/noria-research.com\/africas\/fr\/a-propos-du-programme-afriques\/\"},{\"@type\":\"ListItem\",\"position\":3,\"name\":\"Axe 1 &#8211; Legs coloniaux et perspectives d\u00e9coloniales\"}]},{\"@type\":\"WebSite\",\"@id\":\"https:\/\/noria-research.com\/africas\/#website\",\"url\":\"https:\/\/noria-research.com\/africas\/\",\"name\":\"Africas\",\"description\":\"\",\"publisher\":{\"@id\":\"https:\/\/noria-research.com\/africas\/#organization\"},\"potentialAction\":[{\"@type\":\"SearchAction\",\"target\":{\"@type\":\"EntryPoint\",\"urlTemplate\":\"https:\/\/noria-research.com\/africas\/?s={search_term_string}\"},\"query-input\":{\"@type\":\"PropertyValueSpecification\",\"valueRequired\":true,\"valueName\":\"search_term_string\"}}],\"inLanguage\":\"en-US\"},{\"@type\":\"Organization\",\"@id\":\"https:\/\/noria-research.com\/africas\/#organization\",\"name\":\"Africas\",\"url\":\"https:\/\/noria-research.com\/africas\/\",\"logo\":{\"@type\":\"ImageObject\",\"inLanguage\":\"en-US\",\"@id\":\"https:\/\/noria-research.com\/africas\/#\/schema\/logo\/image\/\",\"url\":\"https:\/\/noria-research.com\/africas\/wp-content\/uploads\/2024\/06\/Logo-Noria-Africas-Blanc.svg\",\"contentUrl\":\"https:\/\/noria-research.com\/africas\/wp-content\/uploads\/2024\/06\/Logo-Noria-Africas-Blanc.svg\",\"caption\":\"Africas\"},\"image\":{\"@id\":\"https:\/\/noria-research.com\/africas\/#\/schema\/logo\/image\/\"}}]}<\/script>\n<!-- \/ Yoast SEO plugin. -->","yoast_head_json":{"title":"Axe 1 - Legs coloniaux et perspectives d\u00e9coloniales - Africas","robots":{"index":"index","follow":"follow","max-snippet":"max-snippet:-1","max-image-preview":"max-image-preview:large","max-video-preview":"max-video-preview:-1"},"canonical":"https:\/\/noria-research.com\/africas\/fr\/a-propos-du-programme-afriques\/axe-1-legs-coloniaux-et-perspectives-decoloniales\/","og_locale":"en_US","og_type":"article","og_title":"Axe 1 - Legs coloniaux et perspectives d\u00e9coloniales - Africas","og_description":"Pr\u00e9sentation Cet axe explore, d&#8217;un point de vue m\u00e9thodologique tout d&#8217;abord, les modes de production de la recherche, c\u2019est-\u00e0-dire de la connaissance et du savoir, en abordant la question des \u00e9tudes d\u00e9coloniales. Ces derni\u00e8res, apparues dans le champ de la recherche latino-am\u00e9ricaine, b\u00e9n\u00e9ficient d&#8217;une reconnaissance r\u00e9cente en langue fran\u00e7aise. L\u2019entr\u00e9e du terme \u00ab d\u00e9colonial \u00bb [&hellip;]","og_url":"https:\/\/noria-research.com\/africas\/fr\/a-propos-du-programme-afriques\/axe-1-legs-coloniaux-et-perspectives-decoloniales\/","og_site_name":"Africas","article_modified_time":"2025-03-08T15:38:23+00:00","og_image":[{"url":"http:\/\/noria-research.com\/africas\/wp-content\/uploads\/2025\/02\/Seminaire-2.png","type":"","width":"","height":""}],"twitter_card":"summary_large_image","twitter_misc":{"Est. reading time":"4 minutes"},"schema":{"@context":"https:\/\/schema.org","@graph":[{"@type":"WebPage","@id":"https:\/\/noria-research.com\/africas\/fr\/a-propos-du-programme-afriques\/axe-1-legs-coloniaux-et-perspectives-decoloniales\/","url":"https:\/\/noria-research.com\/africas\/fr\/a-propos-du-programme-afriques\/axe-1-legs-coloniaux-et-perspectives-decoloniales\/","name":"Axe 1 - Legs coloniaux et perspectives d\u00e9coloniales - Africas","isPartOf":{"@id":"https:\/\/noria-research.com\/africas\/#website"},"primaryImageOfPage":{"@id":"https:\/\/noria-research.com\/africas\/fr\/a-propos-du-programme-afriques\/axe-1-legs-coloniaux-et-perspectives-decoloniales\/#primaryimage"},"image":{"@id":"https:\/\/noria-research.com\/africas\/fr\/a-propos-du-programme-afriques\/axe-1-legs-coloniaux-et-perspectives-decoloniales\/#primaryimage"},"thumbnailUrl":"http:\/\/noria-research.com\/africas\/wp-content\/uploads\/2025\/02\/Seminaire-2.png","datePublished":"2025-03-08T11:05:45+00:00","dateModified":"2025-03-08T15:38:23+00:00","breadcrumb":{"@id":"https:\/\/noria-research.com\/africas\/fr\/a-propos-du-programme-afriques\/axe-1-legs-coloniaux-et-perspectives-decoloniales\/#breadcrumb"},"inLanguage":"en-US","potentialAction":[{"@type":"ReadAction","target":["https:\/\/noria-research.com\/africas\/fr\/a-propos-du-programme-afriques\/axe-1-legs-coloniaux-et-perspectives-decoloniales\/"]}]},{"@type":"ImageObject","inLanguage":"en-US","@id":"https:\/\/noria-research.com\/africas\/fr\/a-propos-du-programme-afriques\/axe-1-legs-coloniaux-et-perspectives-decoloniales\/#primaryimage","url":"http:\/\/noria-research.com\/africas\/wp-content\/uploads\/2025\/02\/Seminaire-2.png","contentUrl":"http:\/\/noria-research.com\/africas\/wp-content\/uploads\/2025\/02\/Seminaire-2.png"},{"@type":"BreadcrumbList","@id":"https:\/\/noria-research.com\/africas\/fr\/a-propos-du-programme-afriques\/axe-1-legs-coloniaux-et-perspectives-decoloniales\/#breadcrumb","itemListElement":[{"@type":"ListItem","position":1,"name":"Afriques","item":"https:\/\/noria-research.com\/africas\/"},{"@type":"ListItem","position":2,"name":"\u00c0 propos du programme Afriques","item":"https:\/\/noria-research.com\/africas\/fr\/a-propos-du-programme-afriques\/"},{"@type":"ListItem","position":3,"name":"Axe 1 &#8211; Legs coloniaux et perspectives d\u00e9coloniales"}]},{"@type":"WebSite","@id":"https:\/\/noria-research.com\/africas\/#website","url":"https:\/\/noria-research.com\/africas\/","name":"Africas","description":"","publisher":{"@id":"https:\/\/noria-research.com\/africas\/#organization"},"potentialAction":[{"@type":"SearchAction","target":{"@type":"EntryPoint","urlTemplate":"https:\/\/noria-research.com\/africas\/?s={search_term_string}"},"query-input":{"@type":"PropertyValueSpecification","valueRequired":true,"valueName":"search_term_string"}}],"inLanguage":"en-US"},{"@type":"Organization","@id":"https:\/\/noria-research.com\/africas\/#organization","name":"Africas","url":"https:\/\/noria-research.com\/africas\/","logo":{"@type":"ImageObject","inLanguage":"en-US","@id":"https:\/\/noria-research.com\/africas\/#\/schema\/logo\/image\/","url":"https:\/\/noria-research.com\/africas\/wp-content\/uploads\/2024\/06\/Logo-Noria-Africas-Blanc.svg","contentUrl":"https:\/\/noria-research.com\/africas\/wp-content\/uploads\/2024\/06\/Logo-Noria-Africas-Blanc.svg","caption":"Africas"},"image":{"@id":"https:\/\/noria-research.com\/africas\/#\/schema\/logo\/image\/"}}]}},"_links":{"self":[{"href":"https:\/\/noria-research.com\/africas\/wp-json\/wp\/v2\/pages\/255","targetHints":{"allow":["GET"]}}],"collection":[{"href":"https:\/\/noria-research.com\/africas\/wp-json\/wp\/v2\/pages"}],"about":[{"href":"https:\/\/noria-research.com\/africas\/wp-json\/wp\/v2\/types\/page"}],"author":[{"embeddable":true,"href":"https:\/\/noria-research.com\/africas\/wp-json\/wp\/v2\/users\/453"}],"replies":[{"embeddable":true,"href":"https:\/\/noria-research.com\/africas\/wp-json\/wp\/v2\/comments?post=255"}],"version-history":[{"count":21,"href":"https:\/\/noria-research.com\/africas\/wp-json\/wp\/v2\/pages\/255\/revisions"}],"predecessor-version":[{"id":449,"href":"https:\/\/noria-research.com\/africas\/wp-json\/wp\/v2\/pages\/255\/revisions\/449"}],"up":[{"embeddable":true,"href":"https:\/\/noria-research.com\/africas\/wp-json\/wp\/v2\/pages\/23"}],"wp:attachment":[{"href":"https:\/\/noria-research.com\/africas\/wp-json\/wp\/v2\/media?parent=255"}],"wp:term":[{"taxonomy":"podcast","embeddable":true,"href":"https:\/\/noria-research.com\/africas\/wp-json\/wp\/v2\/podcast?post=255"},{"taxonomy":"project","embeddable":true,"href":"https:\/\/noria-research.com\/africas\/wp-json\/wp\/v2\/project?post=255"}],"curies":[{"name":"wp","href":"https:\/\/api.w.org\/{rel}","templated":true}]}}