{"id":23,"date":"2024-06-19T10:37:24","date_gmt":"2024-06-19T08:37:24","guid":{"rendered":"https:\/\/noria-research.com\/africas\/?page_id=23"},"modified":"2025-03-11T08:02:04","modified_gmt":"2025-03-11T07:02:04","slug":"a-propos-du-programme-afriques","status":"publish","type":"page","link":"https:\/\/noria-research.com\/africas\/fr\/a-propos-du-programme-afriques\/","title":{"rendered":"\u00c0 propos du programme Afriques"},"content":{"rendered":"\n<h2 class=\"wp-block-heading\"><strong>Consid\u00e9rer <strong>les \u00ab&nbsp;Afriques au Sud du Sahara&nbsp;\u00bb<\/strong> <\/strong><\/h2>\n\n\n\n<p>En portant le regard sur \u00ab les Afriques au sud du Sahara \u00bb, ce programme vise \u00e0 s\u2019\u00e9loigner d\u2019une vision sur l\u2019Afrique comme un ensemble homog\u00e8ne. Au contraire, partir du postulat d\u2019un continent pluriel a pour but de sortir des approches globalisantes et s\u2019extraire des biais n\u00e9gatifs et essentialisants qui y sont attach\u00e9s.&nbsp;<\/p>\n\n\n\n<p>En proposant un programme de recherche \u00e0 l\u2019\u00e9chelle semi-continentale, notre vis\u00e9e est double. D\u2019une part, mettre en lumi\u00e8re les complexit\u00e9s et diversit\u00e9s de ces zones au-del\u00e0 de discours les abordant en grands ensembles (Afrique \u201caustrale\u201d, \u201ccentrale\u201d, \u201cde l\u2019ouest\u201d ou \u201cde l\u2019est\u201d). D\u2019autre part, penser l\u2019Afrique et le monde c\u2019est-\u00e0-dire souligner et interroger les connexions anciennes et contemporaines de ces zones avec le reste du monde. Ce faisant, il s\u2019agit de redonner au continent sa juste place tant dans le type de savoirs produits que dans les processus d\u2019\u00e9laboration de ces savoirs.&nbsp;<\/p>\n\n\n\n<p>La circulation des savoirs scientifiques &#8211; parfois (voire souvent) entrav\u00e9e par des questions financi\u00e8res, politiques, institutionnelles voire de discriminations &#8211; engendre un manque criant de coop\u00e9ration avec les chercheur\u00b7ses africain\u00b7es. En outre, une tendance encore trop forte au rejet de la scientificit\u00e9 des sciences sociales non occidentales en France conduit \u00e0 une invisibilisation de la recherche produite en Afrique sur l\u2019Afrique et \u00e0 une domination \u00e9pist\u00e9mique des sciences sociales occidentales. A travers la mise en place de projets interdisciplinaires, il s\u2019agit de favoriser la cr\u00e9ation d\u2019un \u201cespace commun, facteur de coh\u00e9sion entre des savoirs diff\u00e9rents\u201d (Gusdorf, 1990) o\u00f9 les chercheur\u00b7ses de toute origine, formation et discipline des sciences humaines et sociales trouveraient leur place.<\/p>\n\n\n\n<h2 class=\"wp-block-heading\"><strong><strong>Nos axes de recherche<\/strong><\/strong><\/h2>\n\n\n\n<details class=\"wp-block-details has-program-color has-text-color has-link-color wp-elements-c0985117126f988483afedf05ce9e01b is-layout-flow wp-block-details-is-layout-flow\"><summary>1\/ Legs coloniaux et perspectives d\u00e9coloniales<\/summary>\n<p class=\"has-beige-background-color has-background has-medium-font-size\">L\u2019Afrique subsaharienne serait domin\u00e9e par de lourds \u00ab h\u00e9ritages \u00bb influen\u00e7ant les trajectoires des soci\u00e9t\u00e9s postcoloniales : aux cons\u00e9quences de la traite et de la colonisation s\u2019ajouterait le poids de \u00ab traditions \u00bb pr\u00e9tendument tenaces. Comprendre et repenser le v\u00e9ritable poids des h\u00e9ritages coloniaux, c\u2019est \u00e9galement mettre en \u00e9vidence l\u2019agentivit\u00e9 des acteurs et actrices. Ce premier axe vise \u00e0 interroger ces discours et contribuer aux d\u00e9bats qu\u2019ils suscitent, \u00e0 travers deux approches :&nbsp;<\/p>\n\n\n\n<ul class=\"wp-block-list\">\n<li>L\u2019application aux Afriques des th\u00e9ories post- et d\u00e9coloniales \u2013 n\u00e9es en Am\u00e9rique latine et ayant souvent, encore aujourd\u2019hui, mauvaise presse en France&nbsp;;<\/li>\n\n\n\n<li>Travailler la notion de \u201clegs colonial\u201d, qui interroge les processus de transmission de l\u2019h\u00e9ritage colonial et demeure encore peu conceptualis\u00e9e.<\/li>\n<\/ul>\n\n\n\n<div class=\"wp-block-buttons is-content-justification-right is-layout-flex wp-container-core-buttons-is-layout-765c4724 wp-block-buttons-is-layout-flex\">\n<div class=\"wp-block-button is-style-outline is-style-outline--1\"><a class=\"wp-block-button__link wp-element-button\" href=\"https:\/\/noria-research.com\/africas\/fr\/a-propos-du-programme-afriques\/axe-1-legs-coloniaux-et-perspectives-decoloniales\/\">Lire plus<\/a><\/div>\n<\/div>\n<\/details>\n\n\n\n<details class=\"wp-block-details has-black-color has-text-color has-link-color wp-elements-000146f6d7c09ef0ccb59d3e2845586d is-layout-flow wp-block-details-is-layout-flow\"><summary>2\/ Dynamiques et transformations politiques<\/summary>\n<p class=\"has-beige-background-color has-background has-medium-font-size\">Ces derni\u00e8res ann\u00e9es, transformations politiques et changements de r\u00e9gime se sont multipli\u00e9s \u00e0 travers le continent. Coups d\u2019Etat militaires, r\u00e9visions constitutionnelles, \u00e9lections contest\u00e9es, insurrections arm\u00e9es se revendiquant parfois de l\u2019extr\u00e9misme religieux, r\u00e9gression des libert\u00e9s individuelles et publiques : ces \u00e9v\u00e9nements voient fleurir des th\u00e9ories postulant un \u00ab retour de l\u2019autoritarisme \u00bb sur le continent, ou l\u2019\u00e9mergence de \u00ab nouvelles cat\u00e9gories d&#8217;autoritarisme \u00bb sp\u00e9cifiquement africaines. En r\u00e9alit\u00e9, de tels mouvements s&#8217;inscrivent dans une histoire r\u00e9gionale pluris\u00e9culaire et dans des logiques socio-politiques plurielles et \u00e9minemment locales. Ils v\u00e9hiculent des revendications sociales, \u00e9conomiques, politiques, culturelles ou religieuses et r\u00e9v\u00e8lent des crises multiformes. En prenant pour objet les dynamiques politiques actuelles des Afriques au sud du Sahara, cet axe questionnera&nbsp;:&nbsp;<\/p>\n\n\n\n<ul class=\"wp-block-list\">\n<li>La notion d\u2019\u00ab autoritarisme(s) africain(s) \u00bb, ses usages et effets&nbsp;;<\/li>\n\n\n\n<li>Les rapports des citoyens et citoyennes \u00e0 l\u2019Etat&nbsp;;<\/li>\n\n\n\n<li>Le r\u00f4le des mouvements sociaux et leur influence sur les politiques publiques et les agendas politiques&nbsp;;<\/li>\n\n\n\n<li>L&#8217;impact des interventions \u00e9trang\u00e8res (investissements, aide internationale, politiques diplomatiques) et les r\u00e9ponses qu\u2019y apportent les acteurs et actrices nationales (figures \u00e9tatiques, membres de l\u2019opposition, etc.) mais aussi locales<strong><em> <\/em><\/strong>(populations).<\/li>\n<\/ul>\n\n\n\n<div class=\"wp-block-buttons is-content-justification-right is-layout-flex wp-container-core-buttons-is-layout-765c4724 wp-block-buttons-is-layout-flex\">\n<div class=\"wp-block-button is-style-outline is-style-outline--2\"><a class=\"wp-block-button__link has-text-align-right wp-element-button\" href=\"https:\/\/noria-research.com\/africas\/fr\/axe-2-dynamiques-et-transformations-politiques\/\">Lire plus<\/a><\/div>\n<\/div>\n<\/details>\n\n\n\n<details class=\"wp-block-details has-program-color has-text-color has-link-color wp-elements-6d241ae874a5f0283f2eca980c78a92e is-layout-flow wp-block-details-is-layout-flow\"><summary>3\/ Conflictualit\u00e9s et violence(s)<\/summary>\n<p class=\"has-beige-background-color has-background has-medium-font-size\">Les grilles d\u2019analyses occidentales sur la violence dans les Afriques sont souvent domin\u00e9es par des raccourcis et des classifications h\u00e2tives, qui prolongent des clich\u00e9s h\u00e9rit\u00e9s pour partie des classifications coloniales et notamment de l\u2019invention des \u00ab races guerri\u00e8res \u00bb. Cet axe se propose de (re)penser les concepts de violence(s) et de conflictualit\u00e9s dans les Afriques et leur articulation, pour interroger :<\/p>\n\n\n\n<ul class=\"wp-block-list\">\n<li>Les ressorts de mont\u00e9e et d\u2019entr\u00e9e dans la violence&nbsp;;<\/li>\n\n\n\n<li>Le r\u00f4le des images et des repr\u00e9sentations dans la m\u00e9diatisation outranci\u00e8re des violences, allant souvent de pair avec l\u2019id\u00e9e que les affrontements seraient plus meurtriers qu\u2019autrefois&nbsp;;<\/li>\n\n\n\n<li>Les fronti\u00e8res mouvantes du fait guerrier aujourd\u2019hui, ainsi que les autres types de violences (politiques, symboliques, d\u2019\u00c9tat, etc.) porteurs eux aussi de conflictualit\u00e9s.<\/li>\n<\/ul>\n\n\n\n<div class=\"wp-block-buttons is-content-justification-right is-layout-flex wp-container-core-buttons-is-layout-765c4724 wp-block-buttons-is-layout-flex\">\n<div class=\"wp-block-button is-style-outline is-style-outline--3\"><a class=\"wp-block-button__link wp-element-button\" href=\"https:\/\/noria-research.com\/africas\/fr\/a-propos-du-programme-afriques\/axe-3-conflictualites-et-violences\/\">Lire plus<\/a><\/div>\n<\/div>\n<\/details>\n\n\n\n<details class=\"wp-block-details has-black-color has-text-color has-link-color wp-elements-d17b37e18e5e8f0d5cc3b3f2a603b9f1 is-layout-flow wp-block-details-is-layout-flow\"><summary>4\/ Risques, sant\u00e9 et environnement<\/summary>\n<p class=\"has-light-orange-background-color has-background\">Bien que peu responsables de la d\u00e9gradation de la situation environnementale \u00e0 l\u2019\u00e9chelle mondiale, les territoires africains sont parmi les r\u00e9gions les plus affect\u00e9es par la crise climatique. Les cons\u00e9quences ne sont pas seulement \u00e9cologiques, elles touchent \u00e9galement la sant\u00e9 et les modes de vie. Les r\u00e9percussions sont nombreuses, de la multiplication des conflits et des zones \u00e0 risque aux situations de famine et de s\u00e9cheresse, en passant par la propagation de maladies et une vuln\u00e9rabilit\u00e9 accrue aux \u00e9pid\u00e9mies.&nbsp;<br><br>Dans cette optique, le triptyque risques \/ sant\u00e9 \/ environnement offre une perspective essentielle pour comprendre les soci\u00e9t\u00e9s africaines contemporaines et leurs formes de gouvernance. Il s\u2019agira d\u2019\u00e9tudier :&nbsp;<\/p>\n\n\n\n<ul class=\"wp-block-list\">\n<li>La question du risque \u00e0 la fois dans sa dimension probabiliste et dans celle de la crise, en examinant les dispositifs mis en place pour y faire face&nbsp;;<\/li>\n\n\n\n<li>Les mani\u00e8res plurielles (et parfois concurrentielles) de concevoir les risques, les catastrophes et leurs impacts&nbsp;;<\/li>\n\n\n\n<li>Comment chacun de ces facteurs (risques, environnement, sant\u00e9) influence les structures fondamentales de la soci\u00e9t\u00e9.<\/li>\n<\/ul>\n\n\n\n<div class=\"wp-block-buttons is-content-justification-right is-layout-flex wp-container-core-buttons-is-layout-765c4724 wp-block-buttons-is-layout-flex\">\n<div class=\"wp-block-button is-style-outline is-style-outline--4\"><a class=\"wp-block-button__link wp-element-button\" href=\"https:\/\/noria-research.com\/africas\/fr\/a-propos-du-programme-afriques\/axe-4-risques-sante-et-environnement\/\">Lire plus<\/a><\/div>\n<\/div>\n<\/details>\n\n\n\n<details class=\"wp-block-details has-program-color has-text-color has-link-color wp-elements-e3340bf871977ad70bf1d7ec31be7d8e is-layout-flow wp-block-details-is-layout-flow\"><summary>5\/ Genre et soci\u00e9t\u00e9s<\/summary>\n<p class=\"has-beige-background-color has-background has-medium-font-size\">La notion de \u201cgenre\u201d a \u00e9t\u00e9 \u00e9labor\u00e9e dans les ann\u00e9es 1970 afin d\u2019analyser les rapports de pouvoir qui structurent la vie sociale. Mais transpos\u00e9e dans le r\u00e9pertoire de l\u2019action publique et dans les sph\u00e8res internationales, elle fait l\u2019objet d\u2019une euph\u00e9misation. Elle devient un outil descriptif plut\u00f4t qu\u2019un support de revendications, permettant d\u2019adoucir le discours sur le pouvoir et la reproduction des in\u00e9galit\u00e9s. <br><br>En parall\u00e8le se multiplient, \u00e0 l\u2019\u00e9chelle globale, des mobilisations et campagnes \u00ab anti-genre \u00bb se revendiquant souvent, en contextes subsahariens, de l\u2019anti-imp\u00e9rialisme et de la d\u00e9fense de suppos\u00e9es \u00ab valeurs africaines \u00bb. En s\u2019int\u00e9ressant \u00e0 la mani\u00e8re dont ces enjeux s\u2019incarnent et prennent forme dans les Afriques, il s\u2019agit d\u2019analyser les strat\u00e9gies d\u00e9ploy\u00e9es par les populations, figures gouvernementales et organisations internationales&nbsp;:&nbsp;<\/p>\n\n\n\n<ul class=\"wp-block-list\">\n<li>Comment le concept de genre est-il traduit, interpr\u00e9t\u00e9 et transpos\u00e9 et avec quelles adaptations, r\u00e9sistances, r\u00e9interpr\u00e9tations ?&nbsp;<\/li>\n\n\n\n<li>De quelle(s) mani\u00e8re(s) des situations postcoloniales fa\u00e7onnent, facilitent ou entravent-elles les interventions de promotion ou d\u2019opposition au genre ?&nbsp;<\/li>\n\n\n\n<li>Quels effets sur les populations et contextes locaux, et comment les conceptions et normes de genre locales en influencent-elles la mise en \u0153uvre et la r\u00e9ception ?&nbsp;<\/li>\n\n\n\n<li>Comment ces interventions interagissent-elles avec, voire influencent ou recomposent-elles les relations de pouvoir \u00e0 diff\u00e9rentes \u00e9chelles ?<\/li>\n<\/ul>\n\n\n\n<div class=\"wp-block-buttons is-content-justification-right is-layout-flex wp-container-core-buttons-is-layout-765c4724 wp-block-buttons-is-layout-flex\">\n<div class=\"wp-block-button is-style-outline is-style-outline--5\"><a class=\"wp-block-button__link has-text-align-right wp-element-button\" href=\"https:\/\/noria-research.com\/africas\/fr\/axe-5-genre-et-societes\/\">Lire plus<\/a><\/div>\n<\/div>\n<\/details>\n\n\n\n<div style=\"height:23px\" aria-hidden=\"true\" class=\"wp-block-spacer\"><\/div>\n\n\n\n<h2 class=\"wp-block-heading\">Qui sommes-nous?<\/h2>\n\n\n\n<div style=\"height:23px\" aria-hidden=\"true\" class=\"wp-block-spacer\"><\/div>\n\n\n\n<div class=\"wp-block-columns is-style-team-list is-layout-flex wp-container-core-columns-is-layout-9d6595d7 wp-block-columns-is-layout-flex\">\n<div class=\"wp-block-column is-layout-flow wp-block-column-is-layout-flow\" style=\"flex-basis:220px\">\n<figure class=\"wp-block-image aligncenter size-full\"><img loading=\"lazy\" decoding=\"async\" width=\"1080\" height=\"1080\" src=\"http:\/\/noria-research.com\/africas\/wp-content\/uploads\/2024\/06\/White-and-Pink-Minimalist-Skincare-Products-Photos-Instagram-Post-14.png\" alt=\"\" class=\"wp-image-31558\" style=\"aspect-ratio:1;object-fit:cover\" srcset=\"https:\/\/noria-research.com\/africas\/wp-content\/uploads\/2024\/06\/White-and-Pink-Minimalist-Skincare-Products-Photos-Instagram-Post-14.png 1080w, https:\/\/noria-research.com\/africas\/wp-content\/uploads\/2024\/06\/White-and-Pink-Minimalist-Skincare-Products-Photos-Instagram-Post-14-1000x1000.png 1000w, https:\/\/noria-research.com\/africas\/wp-content\/uploads\/2024\/06\/White-and-Pink-Minimalist-Skincare-Products-Photos-Instagram-Post-14-500x500.png 500w, https:\/\/noria-research.com\/africas\/wp-content\/uploads\/2024\/06\/White-and-Pink-Minimalist-Skincare-Products-Photos-Instagram-Post-14-768x768.png 768w\" sizes=\"auto, (max-width: 1080px) 100vw, 1080px\" \/><\/figure>\n\n\n\n<div class=\"wp-block-group has-beige-background-color has-background is-vertical is-layout-flex wp-container-core-group-is-layout-8cf370e7 wp-block-group-is-layout-flex\">\n<h3 class=\"wp-block-heading has-text-align-left has-black-color has-text-color has-link-color wp-elements-abe6914f92e08c436f4d7e559935772e\" style=\"text-decoration:none\"><a href=\"https:\/\/noria-research.com\/fr\/auteur\/pcherbonnier\/\">Pauline Cherbonnier<\/a><\/h3>\n\n\n\n<hr class=\"wp-block-separator has-alpha-channel-opacity is-style-default\"\/>\n\n\n\n<p><\/p>\n<\/div>\n<\/div>\n\n\n\n<div class=\"wp-block-column is-layout-flow wp-block-column-is-layout-flow\" style=\"flex-basis:220px\">\n<figure class=\"wp-block-image aligncenter size-full\"><img loading=\"lazy\" decoding=\"async\" width=\"1080\" height=\"1080\" src=\"http:\/\/noria-research.com\/africas\/wp-content\/uploads\/2024\/06\/White-and-Pink-Minimalist-Skincare-Products-Photos-Instagram-Post-13.png\" alt=\"\" class=\"wp-image-31559\" style=\"aspect-ratio:1;object-fit:cover\" srcset=\"https:\/\/noria-research.com\/africas\/wp-content\/uploads\/2024\/06\/White-and-Pink-Minimalist-Skincare-Products-Photos-Instagram-Post-13.png 1080w, https:\/\/noria-research.com\/africas\/wp-content\/uploads\/2024\/06\/White-and-Pink-Minimalist-Skincare-Products-Photos-Instagram-Post-13-1000x1000.png 1000w, https:\/\/noria-research.com\/africas\/wp-content\/uploads\/2024\/06\/White-and-Pink-Minimalist-Skincare-Products-Photos-Instagram-Post-13-500x500.png 500w, https:\/\/noria-research.com\/africas\/wp-content\/uploads\/2024\/06\/White-and-Pink-Minimalist-Skincare-Products-Photos-Instagram-Post-13-768x768.png 768w\" sizes=\"auto, (max-width: 1080px) 100vw, 1080px\" \/><\/figure>\n\n\n\n<div class=\"wp-block-group has-beige-background-color has-background is-vertical is-layout-flex wp-container-core-group-is-layout-8cf370e7 wp-block-group-is-layout-flex\">\n<h3 class=\"wp-block-heading has-text-align-left has-black-color has-text-color has-link-color wp-elements-fdbb0999495e98481f3b65864b30bd90\" style=\"text-decoration:none\"><a href=\"https:\/\/noria-research.com\/fr\/auteur\/bmollo\/\">Brice Molo<\/a><\/h3>\n\n\n\n<hr class=\"wp-block-separator has-alpha-channel-opacity is-style-default\"\/>\n\n\n\n<p><\/p>\n<\/div>\n<\/div>\n\n\n\n<div class=\"wp-block-column is-layout-flow wp-block-column-is-layout-flow\" style=\"flex-basis:220px\">\n<figure class=\"wp-block-image aligncenter size-full\"><img loading=\"lazy\" decoding=\"async\" width=\"1080\" height=\"1080\" src=\"http:\/\/noria-research.com\/africas\/wp-content\/uploads\/2024\/04\/White-and-Pink-Minimalist-Skincare-Products-Photos-Instagram-Post-11.png\" alt=\"\" class=\"wp-image-31514\" style=\"aspect-ratio:1;object-fit:cover\" srcset=\"https:\/\/noria-research.com\/africas\/wp-content\/uploads\/2024\/04\/White-and-Pink-Minimalist-Skincare-Products-Photos-Instagram-Post-11.png 1080w, https:\/\/noria-research.com\/africas\/wp-content\/uploads\/2024\/04\/White-and-Pink-Minimalist-Skincare-Products-Photos-Instagram-Post-11-1000x1000.png 1000w, https:\/\/noria-research.com\/africas\/wp-content\/uploads\/2024\/04\/White-and-Pink-Minimalist-Skincare-Products-Photos-Instagram-Post-11-500x500.png 500w, https:\/\/noria-research.com\/africas\/wp-content\/uploads\/2024\/04\/White-and-Pink-Minimalist-Skincare-Products-Photos-Instagram-Post-11-768x768.png 768w\" sizes=\"auto, (max-width: 1080px) 100vw, 1080px\" \/><\/figure>\n\n\n\n<div class=\"wp-block-group has-beige-background-color has-background is-vertical is-layout-flex wp-container-core-group-is-layout-8cf370e7 wp-block-group-is-layout-flex\">\n<h3 class=\"wp-block-heading has-text-align-left has-black-color has-text-color has-link-color wp-elements-29f330fa1818b4f75aded543def2ca8e\" style=\"text-decoration:none\"><a href=\"https:\/\/noria-research.com\/fr\/auteur\/claire-lefort\/\">Claire Lefort-Rieu<\/a><\/h3>\n\n\n\n<hr class=\"wp-block-separator has-alpha-channel-opacity is-style-default\"\/>\n\n\n\n<p><\/p>\n<\/div>\n<\/div>\n<\/div>\n\n\n\n<div style=\"height:28px\" aria-hidden=\"true\" class=\"wp-block-spacer\"><\/div>\n\n\n\n<div class=\"wp-block-buttons is-layout-flex wp-block-buttons-is-layout-flex\">\n<div class=\"wp-block-button\"><a class=\"wp-block-button__link has-program-background-color has-background wp-element-button\" href=\"https:\/\/noria-research.com\/africas\/fr\/afriques\/lequipe-du-programme-afriques\/\">D\u00e9couvrir notre \u00e9quipe et notre histoire<\/a><\/div>\n<\/div>\n\n\n\n<h2 class=\"wp-block-heading\"><\/h2>\n\n\n\n<div style=\"height:100px\" aria-hidden=\"true\" class=\"wp-block-spacer\"><\/div>\n","protected":false},"excerpt":{"rendered":"<p>Consid\u00e9rer les \u00ab&nbsp;Afriques au Sud du Sahara&nbsp;\u00bb En portant le regard sur \u00ab les Afriques au sud du Sahara \u00bb, ce programme vise \u00e0 s\u2019\u00e9loigner d\u2019une vision sur l\u2019Afrique comme un ensemble homog\u00e8ne. Au contraire, partir du postulat d\u2019un continent pluriel a pour but de sortir des approches globalisantes et s\u2019extraire des biais n\u00e9gatifs et [&hellip;]<\/p>\n","protected":false},"author":189,"featured_media":31560,"parent":0,"menu_order":0,"comment_status":"closed","ping_status":"closed","template":"page-with-sidebar","meta":{"footnotes":""},"podcast":[],"project":[],"class_list":["post-23","page","type-page","status-publish","has-post-thumbnail","hentry"],"yoast_head":"<!-- This site is optimized with the Yoast SEO plugin v26.0 - https:\/\/yoast.com\/wordpress\/plugins\/seo\/ -->\n<title>\u00c0 propos du programme Afriques - Africas<\/title>\n<meta name=\"description\" content=\"Ce programme proposes des analyses rigoureuses bas\u00e9es sur des enqu\u00eates empiriques approfondies sur les Afriques.\" \/>\n<meta name=\"robots\" content=\"index, follow, max-snippet:-1, max-image-preview:large, max-video-preview:-1\" \/>\n<link rel=\"canonical\" href=\"https:\/\/noria-research.com\/africas\/fr\/a-propos-du-programme-afriques\/\" \/>\n<meta property=\"og:locale\" content=\"en_US\" \/>\n<meta property=\"og:type\" content=\"article\" \/>\n<meta property=\"og:title\" content=\"\u00c0 propos du programme Afriques - Africas\" \/>\n<meta property=\"og:description\" content=\"Ce programme proposes des analyses rigoureuses bas\u00e9es sur des enqu\u00eates empiriques approfondies sur les Afriques.\" \/>\n<meta property=\"og:url\" content=\"https:\/\/noria-research.com\/africas\/fr\/a-propos-du-programme-afriques\/\" \/>\n<meta property=\"og:site_name\" content=\"Africas\" \/>\n<meta property=\"article:modified_time\" content=\"2025-03-11T07:02:04+00:00\" \/>\n<meta property=\"og:image\" content=\"https:\/\/noria-research.com\/africas\/wp-content\/uploads\/2024\/06\/africa-306464_1280.png\" \/>\n<meta name=\"twitter:card\" content=\"summary_large_image\" \/>\n<meta name=\"twitter:label1\" content=\"Est. reading time\" \/>\n\t<meta name=\"twitter:data1\" content=\"6 minutes\" \/>\n<script type=\"application\/ld+json\" class=\"yoast-schema-graph\">{\"@context\":\"https:\/\/schema.org\",\"@graph\":[{\"@type\":\"WebPage\",\"@id\":\"https:\/\/noria-research.com\/africas\/fr\/a-propos-du-programme-afriques\/\",\"url\":\"https:\/\/noria-research.com\/africas\/fr\/a-propos-du-programme-afriques\/\",\"name\":\"\u00c0 propos du programme Afriques - Africas\",\"isPartOf\":{\"@id\":\"https:\/\/noria-research.com\/africas\/#website\"},\"primaryImageOfPage\":{\"@id\":\"https:\/\/noria-research.com\/africas\/fr\/a-propos-du-programme-afriques\/#primaryimage\"},\"image\":{\"@id\":\"https:\/\/noria-research.com\/africas\/fr\/a-propos-du-programme-afriques\/#primaryimage\"},\"thumbnailUrl\":\"https:\/\/noria-research.com\/africas\/wp-content\/uploads\/2024\/06\/africa-306464_1280.png\",\"datePublished\":\"2024-06-19T08:37:24+00:00\",\"dateModified\":\"2025-03-11T07:02:04+00:00\",\"description\":\"Ce programme proposes des analyses rigoureuses bas\u00e9es sur des enqu\u00eates empiriques approfondies sur les Afriques.\",\"breadcrumb\":{\"@id\":\"https:\/\/noria-research.com\/africas\/fr\/a-propos-du-programme-afriques\/#breadcrumb\"},\"inLanguage\":\"en-US\",\"potentialAction\":[{\"@type\":\"ReadAction\",\"target\":[\"https:\/\/noria-research.com\/africas\/fr\/a-propos-du-programme-afriques\/\"]}]},{\"@type\":\"ImageObject\",\"inLanguage\":\"en-US\",\"@id\":\"https:\/\/noria-research.com\/africas\/fr\/a-propos-du-programme-afriques\/#primaryimage\",\"url\":\"https:\/\/noria-research.com\/africas\/wp-content\/uploads\/2024\/06\/africa-306464_1280.png\",\"contentUrl\":\"https:\/\/noria-research.com\/africas\/wp-content\/uploads\/2024\/06\/africa-306464_1280.png\"},{\"@type\":\"BreadcrumbList\",\"@id\":\"https:\/\/noria-research.com\/africas\/fr\/a-propos-du-programme-afriques\/#breadcrumb\",\"itemListElement\":[{\"@type\":\"ListItem\",\"position\":1,\"name\":\"Afriques\",\"item\":\"https:\/\/noria-research.com\/africas\/\"},{\"@type\":\"ListItem\",\"position\":2,\"name\":\"\u00c0 propos du programme Afriques\"}]},{\"@type\":\"WebSite\",\"@id\":\"https:\/\/noria-research.com\/africas\/#website\",\"url\":\"https:\/\/noria-research.com\/africas\/\",\"name\":\"Africas\",\"description\":\"\",\"publisher\":{\"@id\":\"https:\/\/noria-research.com\/africas\/#organization\"},\"potentialAction\":[{\"@type\":\"SearchAction\",\"target\":{\"@type\":\"EntryPoint\",\"urlTemplate\":\"https:\/\/noria-research.com\/africas\/?s={search_term_string}\"},\"query-input\":{\"@type\":\"PropertyValueSpecification\",\"valueRequired\":true,\"valueName\":\"search_term_string\"}}],\"inLanguage\":\"en-US\"},{\"@type\":\"Organization\",\"@id\":\"https:\/\/noria-research.com\/africas\/#organization\",\"name\":\"Africas\",\"url\":\"https:\/\/noria-research.com\/africas\/\",\"logo\":{\"@type\":\"ImageObject\",\"inLanguage\":\"en-US\",\"@id\":\"https:\/\/noria-research.com\/africas\/#\/schema\/logo\/image\/\",\"url\":\"https:\/\/noria-research.com\/africas\/wp-content\/uploads\/2024\/06\/Logo-Noria-Africas-Blanc.svg\",\"contentUrl\":\"https:\/\/noria-research.com\/africas\/wp-content\/uploads\/2024\/06\/Logo-Noria-Africas-Blanc.svg\",\"caption\":\"Africas\"},\"image\":{\"@id\":\"https:\/\/noria-research.com\/africas\/#\/schema\/logo\/image\/\"}}]}<\/script>\n<!-- \/ Yoast SEO plugin. -->","yoast_head_json":{"title":"\u00c0 propos du programme Afriques - Africas","description":"Ce programme proposes des analyses rigoureuses bas\u00e9es sur des enqu\u00eates empiriques approfondies sur les Afriques.","robots":{"index":"index","follow":"follow","max-snippet":"max-snippet:-1","max-image-preview":"max-image-preview:large","max-video-preview":"max-video-preview:-1"},"canonical":"https:\/\/noria-research.com\/africas\/fr\/a-propos-du-programme-afriques\/","og_locale":"en_US","og_type":"article","og_title":"\u00c0 propos du programme Afriques - Africas","og_description":"Ce programme proposes des analyses rigoureuses bas\u00e9es sur des enqu\u00eates empiriques approfondies sur les Afriques.","og_url":"https:\/\/noria-research.com\/africas\/fr\/a-propos-du-programme-afriques\/","og_site_name":"Africas","article_modified_time":"2025-03-11T07:02:04+00:00","og_image":[{"url":"https:\/\/noria-research.com\/africas\/wp-content\/uploads\/2024\/06\/africa-306464_1280.png","type":"","width":"","height":""}],"twitter_card":"summary_large_image","twitter_misc":{"Est. reading time":"6 minutes"},"schema":{"@context":"https:\/\/schema.org","@graph":[{"@type":"WebPage","@id":"https:\/\/noria-research.com\/africas\/fr\/a-propos-du-programme-afriques\/","url":"https:\/\/noria-research.com\/africas\/fr\/a-propos-du-programme-afriques\/","name":"\u00c0 propos du programme Afriques - Africas","isPartOf":{"@id":"https:\/\/noria-research.com\/africas\/#website"},"primaryImageOfPage":{"@id":"https:\/\/noria-research.com\/africas\/fr\/a-propos-du-programme-afriques\/#primaryimage"},"image":{"@id":"https:\/\/noria-research.com\/africas\/fr\/a-propos-du-programme-afriques\/#primaryimage"},"thumbnailUrl":"https:\/\/noria-research.com\/africas\/wp-content\/uploads\/2024\/06\/africa-306464_1280.png","datePublished":"2024-06-19T08:37:24+00:00","dateModified":"2025-03-11T07:02:04+00:00","description":"Ce programme proposes des analyses rigoureuses bas\u00e9es sur des enqu\u00eates empiriques approfondies sur les Afriques.","breadcrumb":{"@id":"https:\/\/noria-research.com\/africas\/fr\/a-propos-du-programme-afriques\/#breadcrumb"},"inLanguage":"en-US","potentialAction":[{"@type":"ReadAction","target":["https:\/\/noria-research.com\/africas\/fr\/a-propos-du-programme-afriques\/"]}]},{"@type":"ImageObject","inLanguage":"en-US","@id":"https:\/\/noria-research.com\/africas\/fr\/a-propos-du-programme-afriques\/#primaryimage","url":"https:\/\/noria-research.com\/africas\/wp-content\/uploads\/2024\/06\/africa-306464_1280.png","contentUrl":"https:\/\/noria-research.com\/africas\/wp-content\/uploads\/2024\/06\/africa-306464_1280.png"},{"@type":"BreadcrumbList","@id":"https:\/\/noria-research.com\/africas\/fr\/a-propos-du-programme-afriques\/#breadcrumb","itemListElement":[{"@type":"ListItem","position":1,"name":"Afriques","item":"https:\/\/noria-research.com\/africas\/"},{"@type":"ListItem","position":2,"name":"\u00c0 propos du programme Afriques"}]},{"@type":"WebSite","@id":"https:\/\/noria-research.com\/africas\/#website","url":"https:\/\/noria-research.com\/africas\/","name":"Africas","description":"","publisher":{"@id":"https:\/\/noria-research.com\/africas\/#organization"},"potentialAction":[{"@type":"SearchAction","target":{"@type":"EntryPoint","urlTemplate":"https:\/\/noria-research.com\/africas\/?s={search_term_string}"},"query-input":{"@type":"PropertyValueSpecification","valueRequired":true,"valueName":"search_term_string"}}],"inLanguage":"en-US"},{"@type":"Organization","@id":"https:\/\/noria-research.com\/africas\/#organization","name":"Africas","url":"https:\/\/noria-research.com\/africas\/","logo":{"@type":"ImageObject","inLanguage":"en-US","@id":"https:\/\/noria-research.com\/africas\/#\/schema\/logo\/image\/","url":"https:\/\/noria-research.com\/africas\/wp-content\/uploads\/2024\/06\/Logo-Noria-Africas-Blanc.svg","contentUrl":"https:\/\/noria-research.com\/africas\/wp-content\/uploads\/2024\/06\/Logo-Noria-Africas-Blanc.svg","caption":"Africas"},"image":{"@id":"https:\/\/noria-research.com\/africas\/#\/schema\/logo\/image\/"}}]}},"_links":{"self":[{"href":"https:\/\/noria-research.com\/africas\/wp-json\/wp\/v2\/pages\/23","targetHints":{"allow":["GET"]}}],"collection":[{"href":"https:\/\/noria-research.com\/africas\/wp-json\/wp\/v2\/pages"}],"about":[{"href":"https:\/\/noria-research.com\/africas\/wp-json\/wp\/v2\/types\/page"}],"author":[{"embeddable":true,"href":"https:\/\/noria-research.com\/africas\/wp-json\/wp\/v2\/users\/189"}],"replies":[{"embeddable":true,"href":"https:\/\/noria-research.com\/africas\/wp-json\/wp\/v2\/comments?post=23"}],"version-history":[{"count":22,"href":"https:\/\/noria-research.com\/africas\/wp-json\/wp\/v2\/pages\/23\/revisions"}],"predecessor-version":[{"id":456,"href":"https:\/\/noria-research.com\/africas\/wp-json\/wp\/v2\/pages\/23\/revisions\/456"}],"wp:featuredmedia":[{"embeddable":true,"href":"https:\/\/noria-research.com\/africas\/wp-json\/"}],"wp:attachment":[{"href":"https:\/\/noria-research.com\/africas\/wp-json\/wp\/v2\/media?parent=23"}],"wp:term":[{"taxonomy":"podcast","embeddable":true,"href":"https:\/\/noria-research.com\/africas\/wp-json\/wp\/v2\/podcast?post=23"},{"taxonomy":"project","embeddable":true,"href":"https:\/\/noria-research.com\/africas\/wp-json\/wp\/v2\/project?post=23"}],"curies":[{"name":"wp","href":"https:\/\/api.w.org\/{rel}","templated":true}]}}