{"id":244,"date":"2025-03-04T23:19:41","date_gmt":"2025-03-04T22:19:41","guid":{"rendered":"https:\/\/noria-research.com\/africas\/?p=244"},"modified":"2026-02-16T12:29:42","modified_gmt":"2026-02-16T11:29:42","slug":"seminaire-seance-n6-r-tiquet","status":"publish","type":"event","link":"https:\/\/noria-research.com\/africas\/fr\/event\/seminaire-seance-n6-r-tiquet\/","title":{"rendered":"S\u00e9minaire &#8211; S\u00e9ance n\u00b06 &#8211; R. Tiquet"},"content":{"rendered":"\n<h2 class=\"wp-block-heading\">\u00c0 propos de Romain Tiquet<\/h2>\n\n\n\n<p>Romain Tiquet est historien et charg\u00e9 de recherche au CNRS. Actuellement en mobilit\u00e9 au Centre Marc Bloch, ses travaux portent sur l\u2019histoire du travail forc\u00e9, de l\u2019enfermement et de la folie en Afrique de l\u2019ouest.<\/p>\n\n\n\n<h2 class=\"wp-block-heading\">Discutant<\/h2>\n\n\n\n<p>Docteur en sociologie (Paris X), Georges Macaire Eyenga a termin\u00e9 un postdoctorat au WISER de l\u2019universit\u00e9 de Witwatersrand en Afrique du Sud. Il est actuellement charg\u00e9 de cours \u00e0 l\u2019universit\u00e9 de Dschang au Cameroun et travaille sur les politiques de surveillance, d\u2019identification des individus et la gouvernance agile en Afrique.<\/p>\n\n\n\n<h2 class=\"wp-block-heading\">Retour sur la communication<\/h2>\n\n\n\n<figure class=\"wp-block-image aligncenter size-full\"><img loading=\"lazy\" decoding=\"async\" width=\"1080\" height=\"360\" src=\"https:\/\/noria-research.com\/africas\/wp-content\/uploads\/2025\/02\/6-4.png\" alt=\"\" class=\"wp-image-32077\" srcset=\"https:\/\/noria-research.com\/africas\/wp-content\/uploads\/2025\/02\/6-4.png 1080w, https:\/\/noria-research.com\/africas\/wp-content\/uploads\/2025\/02\/6-4-1000x333.png 1000w, https:\/\/noria-research.com\/africas\/wp-content\/uploads\/2025\/02\/6-4-500x167.png 500w, https:\/\/noria-research.com\/africas\/wp-content\/uploads\/2025\/02\/6-4-768x256.png 768w\" sizes=\"auto, (max-width: 1080px) 100vw, 1080px\" \/><\/figure>\n\n\n\n<div class=\"wp-block-buttons is-content-justification-center is-nowrap is-layout-flex wp-container-core-buttons-is-layout-1fb9aab6 wp-block-buttons-is-layout-flex\">\n<div class=\"wp-block-button has-custom-font-size has-small-font-size\"><a class=\"wp-block-button__link wp-element-button\" href=\"https:\/\/noria-research.com\/africas\/fr\/a-propos-du-programme-afriques\/axe-1-legs-coloniaux-et-perspectives-decoloniales\/\">Axe 1 &#8211; Legs coloniaux et perspectives d\u00e9coloniales<\/a><\/div>\n\n\n\n<div class=\"wp-block-button has-custom-font-size has-small-font-size\"><a class=\"wp-block-button__link wp-element-button\" href=\"https:\/\/noria-research.com\/africas\/fr\/a-propos-du-programme-afriques\/axe-2-dynamiques-et-transformations-politiques\/\">Axe 2 &#8211; Dynamiques et transformations politiques<\/a><\/div>\n<\/div>\n\n\n\n<p>Cette communication se concentre sur un lieu en particulier : le village de Koutal situ\u00e9 \u00e0 une dizaine de kilom\u00e8tres de Kaolack au S\u00e9n\u00e9gal. Le village de Koutal a abrit\u00e9 un camp p\u00e9nal pour travailleurs forc\u00e9s pendant la p\u00e9riode coloniale pour la construction des routes de la r\u00e9gion. Apr\u00e8s l&#8217;ind\u00e9pendance du pays en 1960, les autorit\u00e9s s\u00e9n\u00e9galaises ont transform\u00e9 ce camp p\u00e9nal en un camp d&#8217;internement pour l\u00e9preux.&nbsp;<\/p>\n\n\n\n<p>A l&#8217;\u00e9poque coloniale, la cr\u00e9ation de camps p\u00e9naux \u00e9tait cens\u00e9e \u00e0 la fois isoler les prisonniers les plus dangereux et les utiliser comme main-d&#8217;\u0153uvre contrainte pour les chantiers de construction des routes de la colonie. La logique de mise au travail ne pr\u00e9tendait pas r\u00e9former ou r\u00e9int\u00e9grer socialement les prisonniers, mais plut\u00f4t les utiliser comme des mat\u00e9riaux humains pour la &#8220;mise en valeur&#8221; coloniale. Apr\u00e8s l&#8217;ind\u00e9pendance, en 1967, L\u00e9opold S\u00e9dar Senghor transforme le camp p\u00e9nal de Koutal en un village d&#8217;internement pour l\u00e9preux. Cette transformation r\u00e9pond au contexte de lutte et de gestion de la marginalit\u00e9 urbaine par les autorit\u00e9s post-coloniales : les grands centres urbains (en premier lieu Dakar, la capitale) devaient \u00eatre vid\u00e9s de tous les &#8220;fl\u00e9aux sociaux&#8221; et autres &#8220;encombrements humains&#8221; afin d&#8217;attirer les bailleurs et les touristes. Les l\u00e9preux mendiants de Dakar et de Kaolack sont donc rafl\u00e9s et envoy\u00e9s \u00e0 Koutal. Bien qu&#8217;ils soient trait\u00e9s contre la l\u00e8pre, c&#8217;est la dimension de l&#8217;exclusion et de l&#8217;isolement qui pr\u00e9vaut.&nbsp;<\/p>\n\n\n\n<p>Plusieurs questions transversales seront au c\u0153ur de cette contribution. Tout d&#8217;abord, l&#8217;empreinte historique du lieu sera questionn\u00e9e. Koutal a \u00e9t\u00e9 un lieu de labeur et d\u2019effort physique pour les prisonniers pendant la p\u00e9riode coloniale et s&#8217;est transform\u00e9 en un lieu de stigmatisation sociale apr\u00e8s l&#8217;ind\u00e9pendance. Il conviendra alors de souligner la permanence dans le discours et les mod\u00e8les de gestion des populations jug\u00e9es &#8220;irr\u00e9cup\u00e9rables&#8221; par les autorit\u00e9s (post-)coloniales.<\/p>\n\n\n\n<p>Par ailleurs l\u2019exemple de Koutal sur le temps long t\u00e9moigne de la diversit\u00e9 des techniques mises en place par des autorit\u00e9s politiques pour contr\u00f4ler les corps (post)coloniaux, tant\u00f4t utilis\u00e9s \u00e0 des fins \u00e9conomiques pour la mise en valeur des colonies, tant\u00f4t, r\u00e9prim\u00e9s, rel\u00e9gu\u00e9s du fait du stigmate physique de la l\u00e8pre.<\/p>\n\n\n\n<p>Par ailleurs, pour ne pas tomber dans le pi\u00e8ge d&#8217;une simple analyse de la machinerie institutionnelle, il est \u00e9galement n\u00e9cessaire d&#8217;examiner comment tant les travailleurs condamn\u00e9s que les l\u00e9preux ont envisag\u00e9, contourn\u00e9, domestiqu\u00e9, refus\u00e9 ou m\u00eame n\u00e9goci\u00e9 le cadre de leur enfermement et de leur exclusion. Le corps devient \u00e0 ce titre un espace de r\u00e9sistance.<\/p>\n\n\n\n<h2 class=\"wp-block-heading\"><\/h2>\n","protected":false},"author":453,"featured_media":32198,"template":"","project":[14],"region":[86],"class_list":["post-244","event","type-event","status-publish","has-post-thumbnail","hentry","project-seminaire-de-recherche","region-afrique"],"yoast_head":"<!-- This site is optimized with the Yoast SEO plugin v26.0 - https:\/\/yoast.com\/wordpress\/plugins\/seo\/ -->\n<title>S\u00e9minaire - S\u00e9ance n\u00b06 - R. Tiquet - Africas<\/title>\n<meta name=\"robots\" content=\"index, follow, max-snippet:-1, max-image-preview:large, max-video-preview:-1\" \/>\n<link rel=\"canonical\" href=\"https:\/\/noria-research.com\/africas\/fr\/event\/seminaire-seance-n6-r-tiquet\/\" \/>\n<meta property=\"og:locale\" content=\"en_US\" \/>\n<meta property=\"og:type\" content=\"article\" \/>\n<meta property=\"og:title\" content=\"S\u00e9minaire - S\u00e9ance n\u00b06 - R. Tiquet - Africas\" \/>\n<meta property=\"og:description\" content=\"\u00c0 propos de Romain Tiquet Romain Tiquet est historien et charg\u00e9 de recherche au CNRS. Actuellement en mobilit\u00e9 au Centre Marc Bloch, ses travaux portent sur l\u2019histoire du travail forc\u00e9, de l\u2019enfermement et de la folie en Afrique de l\u2019ouest. Discutant Docteur en sociologie (Paris X), Georges Macaire Eyenga a termin\u00e9 un postdoctorat au WISER [&hellip;]\" \/>\n<meta property=\"og:url\" content=\"https:\/\/noria-research.com\/africas\/fr\/event\/seminaire-seance-n6-r-tiquet\/\" \/>\n<meta property=\"og:site_name\" content=\"Africas\" \/>\n<meta property=\"article:modified_time\" content=\"2026-02-16T11:29:42+00:00\" \/>\n<meta property=\"og:image\" content=\"https:\/\/noria-research.com\/africas\/wp-content\/uploads\/2025\/04\/6.png\" \/>\n<meta name=\"twitter:card\" content=\"summary_large_image\" \/>\n<meta name=\"twitter:label1\" content=\"Est. reading time\" \/>\n\t<meta name=\"twitter:data1\" content=\"1 minute\" \/>\n<script type=\"application\/ld+json\" class=\"yoast-schema-graph\">{\"@context\":\"https:\/\/schema.org\",\"@graph\":[{\"@type\":\"WebPage\",\"@id\":\"https:\/\/noria-research.com\/africas\/fr\/event\/seminaire-seance-n6-r-tiquet\/\",\"url\":\"https:\/\/noria-research.com\/africas\/fr\/event\/seminaire-seance-n6-r-tiquet\/\",\"name\":\"S\u00e9minaire - S\u00e9ance n\u00b06 - R. Tiquet - Africas\",\"isPartOf\":{\"@id\":\"https:\/\/noria-research.com\/africas\/#website\"},\"primaryImageOfPage\":{\"@id\":\"https:\/\/noria-research.com\/africas\/fr\/event\/seminaire-seance-n6-r-tiquet\/#primaryimage\"},\"image\":{\"@id\":\"https:\/\/noria-research.com\/africas\/fr\/event\/seminaire-seance-n6-r-tiquet\/#primaryimage\"},\"thumbnailUrl\":\"https:\/\/noria-research.com\/africas\/wp-content\/uploads\/2025\/04\/6.png\",\"datePublished\":\"2025-03-04T22:19:41+00:00\",\"dateModified\":\"2026-02-16T11:29:42+00:00\",\"breadcrumb\":{\"@id\":\"https:\/\/noria-research.com\/africas\/fr\/event\/seminaire-seance-n6-r-tiquet\/#breadcrumb\"},\"inLanguage\":\"en-US\",\"potentialAction\":[{\"@type\":\"ReadAction\",\"target\":[\"https:\/\/noria-research.com\/africas\/fr\/event\/seminaire-seance-n6-r-tiquet\/\"]}]},{\"@type\":\"ImageObject\",\"inLanguage\":\"en-US\",\"@id\":\"https:\/\/noria-research.com\/africas\/fr\/event\/seminaire-seance-n6-r-tiquet\/#primaryimage\",\"url\":\"https:\/\/noria-research.com\/africas\/wp-content\/uploads\/2025\/04\/6.png\",\"contentUrl\":\"https:\/\/noria-research.com\/africas\/wp-content\/uploads\/2025\/04\/6.png\"},{\"@type\":\"BreadcrumbList\",\"@id\":\"https:\/\/noria-research.com\/africas\/fr\/event\/seminaire-seance-n6-r-tiquet\/#breadcrumb\",\"itemListElement\":[{\"@type\":\"ListItem\",\"position\":1,\"name\":\"Afriques\",\"item\":\"https:\/\/noria-research.com\/africas\/\"},{\"@type\":\"ListItem\",\"position\":2,\"name\":\"Events\",\"item\":\"https:\/\/noria-research.com\/africas\/fr\/event\/\"},{\"@type\":\"ListItem\",\"position\":3,\"name\":\"S\u00e9minaire de recherche\",\"item\":\"https:\/\/noria-research.com\/africas\/fr\/project\/seminaire-de-recherche\/\"},{\"@type\":\"ListItem\",\"position\":4,\"name\":\"S\u00e9minaire &#8211; S\u00e9ance n\u00b06 &#8211; R. Tiquet\"}]},{\"@type\":\"WebSite\",\"@id\":\"https:\/\/noria-research.com\/africas\/#website\",\"url\":\"https:\/\/noria-research.com\/africas\/\",\"name\":\"Africas\",\"description\":\"\",\"publisher\":{\"@id\":\"https:\/\/noria-research.com\/africas\/#organization\"},\"potentialAction\":[{\"@type\":\"SearchAction\",\"target\":{\"@type\":\"EntryPoint\",\"urlTemplate\":\"https:\/\/noria-research.com\/africas\/?s={search_term_string}\"},\"query-input\":{\"@type\":\"PropertyValueSpecification\",\"valueRequired\":true,\"valueName\":\"search_term_string\"}}],\"inLanguage\":\"en-US\"},{\"@type\":\"Organization\",\"@id\":\"https:\/\/noria-research.com\/africas\/#organization\",\"name\":\"Africas\",\"url\":\"https:\/\/noria-research.com\/africas\/\",\"logo\":{\"@type\":\"ImageObject\",\"inLanguage\":\"en-US\",\"@id\":\"https:\/\/noria-research.com\/africas\/#\/schema\/logo\/image\/\",\"url\":\"https:\/\/noria-research.com\/africas\/wp-content\/uploads\/2024\/06\/Logo-Noria-Africas-Blanc.svg\",\"contentUrl\":\"https:\/\/noria-research.com\/africas\/wp-content\/uploads\/2024\/06\/Logo-Noria-Africas-Blanc.svg\",\"caption\":\"Africas\"},\"image\":{\"@id\":\"https:\/\/noria-research.com\/africas\/#\/schema\/logo\/image\/\"}}]}<\/script>\n<!-- \/ Yoast SEO plugin. -->","yoast_head_json":{"title":"S\u00e9minaire - S\u00e9ance n\u00b06 - R. Tiquet - Africas","robots":{"index":"index","follow":"follow","max-snippet":"max-snippet:-1","max-image-preview":"max-image-preview:large","max-video-preview":"max-video-preview:-1"},"canonical":"https:\/\/noria-research.com\/africas\/fr\/event\/seminaire-seance-n6-r-tiquet\/","og_locale":"en_US","og_type":"article","og_title":"S\u00e9minaire - S\u00e9ance n\u00b06 - R. Tiquet - Africas","og_description":"\u00c0 propos de Romain Tiquet Romain Tiquet est historien et charg\u00e9 de recherche au CNRS. Actuellement en mobilit\u00e9 au Centre Marc Bloch, ses travaux portent sur l\u2019histoire du travail forc\u00e9, de l\u2019enfermement et de la folie en Afrique de l\u2019ouest. Discutant Docteur en sociologie (Paris X), Georges Macaire Eyenga a termin\u00e9 un postdoctorat au WISER [&hellip;]","og_url":"https:\/\/noria-research.com\/africas\/fr\/event\/seminaire-seance-n6-r-tiquet\/","og_site_name":"Africas","article_modified_time":"2026-02-16T11:29:42+00:00","og_image":[{"url":"https:\/\/noria-research.com\/africas\/wp-content\/uploads\/2025\/04\/6.png","type":"","width":"","height":""}],"twitter_card":"summary_large_image","twitter_misc":{"Est. reading time":"1 minute"},"schema":{"@context":"https:\/\/schema.org","@graph":[{"@type":"WebPage","@id":"https:\/\/noria-research.com\/africas\/fr\/event\/seminaire-seance-n6-r-tiquet\/","url":"https:\/\/noria-research.com\/africas\/fr\/event\/seminaire-seance-n6-r-tiquet\/","name":"S\u00e9minaire - S\u00e9ance n\u00b06 - R. Tiquet - Africas","isPartOf":{"@id":"https:\/\/noria-research.com\/africas\/#website"},"primaryImageOfPage":{"@id":"https:\/\/noria-research.com\/africas\/fr\/event\/seminaire-seance-n6-r-tiquet\/#primaryimage"},"image":{"@id":"https:\/\/noria-research.com\/africas\/fr\/event\/seminaire-seance-n6-r-tiquet\/#primaryimage"},"thumbnailUrl":"https:\/\/noria-research.com\/africas\/wp-content\/uploads\/2025\/04\/6.png","datePublished":"2025-03-04T22:19:41+00:00","dateModified":"2026-02-16T11:29:42+00:00","breadcrumb":{"@id":"https:\/\/noria-research.com\/africas\/fr\/event\/seminaire-seance-n6-r-tiquet\/#breadcrumb"},"inLanguage":"en-US","potentialAction":[{"@type":"ReadAction","target":["https:\/\/noria-research.com\/africas\/fr\/event\/seminaire-seance-n6-r-tiquet\/"]}]},{"@type":"ImageObject","inLanguage":"en-US","@id":"https:\/\/noria-research.com\/africas\/fr\/event\/seminaire-seance-n6-r-tiquet\/#primaryimage","url":"https:\/\/noria-research.com\/africas\/wp-content\/uploads\/2025\/04\/6.png","contentUrl":"https:\/\/noria-research.com\/africas\/wp-content\/uploads\/2025\/04\/6.png"},{"@type":"BreadcrumbList","@id":"https:\/\/noria-research.com\/africas\/fr\/event\/seminaire-seance-n6-r-tiquet\/#breadcrumb","itemListElement":[{"@type":"ListItem","position":1,"name":"Afriques","item":"https:\/\/noria-research.com\/africas\/"},{"@type":"ListItem","position":2,"name":"Events","item":"https:\/\/noria-research.com\/africas\/fr\/event\/"},{"@type":"ListItem","position":3,"name":"S\u00e9minaire de recherche","item":"https:\/\/noria-research.com\/africas\/fr\/project\/seminaire-de-recherche\/"},{"@type":"ListItem","position":4,"name":"S\u00e9minaire &#8211; S\u00e9ance n\u00b06 &#8211; R. Tiquet"}]},{"@type":"WebSite","@id":"https:\/\/noria-research.com\/africas\/#website","url":"https:\/\/noria-research.com\/africas\/","name":"Africas","description":"","publisher":{"@id":"https:\/\/noria-research.com\/africas\/#organization"},"potentialAction":[{"@type":"SearchAction","target":{"@type":"EntryPoint","urlTemplate":"https:\/\/noria-research.com\/africas\/?s={search_term_string}"},"query-input":{"@type":"PropertyValueSpecification","valueRequired":true,"valueName":"search_term_string"}}],"inLanguage":"en-US"},{"@type":"Organization","@id":"https:\/\/noria-research.com\/africas\/#organization","name":"Africas","url":"https:\/\/noria-research.com\/africas\/","logo":{"@type":"ImageObject","inLanguage":"en-US","@id":"https:\/\/noria-research.com\/africas\/#\/schema\/logo\/image\/","url":"https:\/\/noria-research.com\/africas\/wp-content\/uploads\/2024\/06\/Logo-Noria-Africas-Blanc.svg","contentUrl":"https:\/\/noria-research.com\/africas\/wp-content\/uploads\/2024\/06\/Logo-Noria-Africas-Blanc.svg","caption":"Africas"},"image":{"@id":"https:\/\/noria-research.com\/africas\/#\/schema\/logo\/image\/"}}]}},"_links":{"self":[{"href":"https:\/\/noria-research.com\/africas\/wp-json\/wp\/v2\/event\/244","targetHints":{"allow":["GET"]}}],"collection":[{"href":"https:\/\/noria-research.com\/africas\/wp-json\/wp\/v2\/event"}],"about":[{"href":"https:\/\/noria-research.com\/africas\/wp-json\/wp\/v2\/types\/event"}],"author":[{"embeddable":true,"href":"https:\/\/noria-research.com\/africas\/wp-json\/wp\/v2\/users\/453"}],"wp:featuredmedia":[{"embeddable":true,"href":"https:\/\/noria-research.com\/africas\/wp-json\/"}],"wp:attachment":[{"href":"https:\/\/noria-research.com\/africas\/wp-json\/wp\/v2\/media?parent=244"}],"wp:term":[{"taxonomy":"project","embeddable":true,"href":"https:\/\/noria-research.com\/africas\/wp-json\/wp\/v2\/project?post=244"},{"taxonomy":"region","embeddable":true,"href":"https:\/\/noria-research.com\/africas\/wp-json\/wp\/v2\/region?post=244"}],"curies":[{"name":"wp","href":"https:\/\/api.w.org\/{rel}","templated":true}]}}