{"version":"1.0","provider_name":"Africas","provider_url":"https:\/\/noria-research.com\/africas","author_name":"Kamina Diallo","author_url":"https:\/\/noria-research.com\/africas\/author\/kamina-diallo\/","title":"Quand les femmes s\u2019engagent dans la r\u00e9bellion : le cas des ex-combattantes ivoiriennes - Africas","type":"rich","width":600,"height":338,"html":"<blockquote class=\"wp-embedded-content\" data-secret=\"m0FDl4st7J\"><a href=\"https:\/\/noria-research.com\/africas\/fr\/ex-combattantes-ivoiriennes\/\">Quand les femmes s\u2019engagent dans la r\u00e9bellion : le cas des ex-combattantes ivoiriennes<\/a><\/blockquote><iframe sandbox=\"allow-scripts\" security=\"restricted\" src=\"https:\/\/noria-research.com\/africas\/fr\/ex-combattantes-ivoiriennes\/embed\/#?secret=m0FDl4st7J\" width=\"600\" height=\"338\" title=\"&#8220;Quand les femmes s\u2019engagent dans la r\u00e9bellion : le cas des ex-combattantes ivoiriennes&#8221; &#8212; Africas\" data-secret=\"m0FDl4st7J\" frameborder=\"0\" marginwidth=\"0\" marginheight=\"0\" scrolling=\"no\" class=\"wp-embedded-content\"><\/iframe><script>\n\/*! This file is auto-generated *\/\n!function(d,l){\"use strict\";l.querySelector&&d.addEventListener&&\"undefined\"!=typeof URL&&(d.wp=d.wp||{},d.wp.receiveEmbedMessage||(d.wp.receiveEmbedMessage=function(e){var t=e.data;if((t||t.secret||t.message||t.value)&&!\/[^a-zA-Z0-9]\/.test(t.secret)){for(var s,r,n,a=l.querySelectorAll('iframe[data-secret=\"'+t.secret+'\"]'),o=l.querySelectorAll('blockquote[data-secret=\"'+t.secret+'\"]'),c=new RegExp(\"^https?:$\",\"i\"),i=0;i<o.length;i++)o[i].style.display=\"none\";for(i=0;i<a.length;i++)s=a[i],e.source===s.contentWindow&&(s.removeAttribute(\"style\"),\"height\"===t.message?(1e3<(r=parseInt(t.value,10))?r=1e3:~~r<200&&(r=200),s.height=r):\"link\"===t.message&&(r=new URL(s.getAttribute(\"src\")),n=new URL(t.value),c.test(n.protocol))&&n.host===r.host&&l.activeElement===s&&(d.top.location.href=t.value))}},d.addEventListener(\"message\",d.wp.receiveEmbedMessage,!1),l.addEventListener(\"DOMContentLoaded\",function(){for(var e,t,s=l.querySelectorAll(\"iframe.wp-embedded-content\"),r=0;r<s.length;r++)(t=(e=s[r]).getAttribute(\"data-secret\"))||(t=Math.random().toString(36).substring(2,12),e.src+=\"#?secret=\"+t,e.setAttribute(\"data-secret\",t)),e.contentWindow.postMessage({message:\"ready\",secret:t},\"*\")},!1)))}(window,document);\n<\/script>\n","thumbnail_url":"https:\/\/noria-research.com\/africas\/wp-content\/uploads\/2017\/12\/CIV_17-1-768x512.jpg","thumbnail_width":600,"thumbnail_height":400,"description":"\u00c0 travers l\u2019exemple des femmes engag\u00e9es dans la r\u00e9bellion en C\u00f4te d\u2019Ivoire entre 2002 et 2011, cet article illustre la complexit\u00e9 de l\u2019engagement f\u00e9minin dans les groupes arm\u00e9s. Il propose une analyse des trajectoires de femmes enr\u00f4l\u00e9es dans le conflit ivoirien dans diff\u00e9rentes r\u00e9gions et \u00e0 diff\u00e9rentes p\u00e9riodes de la r\u00e9bellion. Quelle a \u00e9t\u00e9 l\u2019implication des femmes dans le conflit ivoirien ? Quelles logiques ont pr\u00e9sid\u00e9 \u00e0 leur engagement et, une fois engag\u00e9es, quelles ont \u00e9t\u00e9 leurs activit\u00e9s ? Comment peut-on comparer leur engagement dans la r\u00e9bellion \u00e0 celui des hommes\u00a0?"}